{"id":786,"date":"2021-07-30T16:27:00","date_gmt":"2021-07-30T16:27:00","guid":{"rendered":"https:\/\/www.willersurthur.fr\/?page_id=786"},"modified":"2022-01-21T22:28:27","modified_gmt":"2022-01-21T22:28:27","slug":"mentions-legales","status":"publish","type":"page","link":"https:\/\/www.willersurthur.fr\/mentions-legales\/","title":{"rendered":"Mentions L\u00e9gales"},"content":{"rendered":"\n<h1 class=\"wp-block-heading\">Mentions L\u00e9gales<\/h1>\n\n\n\n<div style=\"height:50px\" aria-hidden=\"true\" class=\"wp-block-spacer\"><\/div>\n\n\n\n<div class=\"wp-block-columns is-layout-flex wp-container-core-columns-is-layout-28f84493 wp-block-columns-is-layout-flex\">\n<div class=\"wp-block-column is-layout-flow wp-block-column-is-layout-flow\">\n<p><strong>Responsable publication<\/strong><\/p>\n\n\n\n<p>Monsieur le Maire, Jean-Luc Martini<\/p>\n<\/div>\n\n\n\n<div class=\"wp-block-column is-layout-flow wp-block-column-is-layout-flow\">\n<p><strong>Conception<\/strong><\/p>\n\n\n\n<p><strong>Clic Way SAS<\/strong><\/p>\n\n\n\n<p>Statut : SAS<br>Capita : 2000 \u20ac<br>Siret : 813 552 270 00015<br>N\u00b0 TVA : FR52813552270<br>12 Rue des Aulnes<br>68760 Willer-sur-Thur<br>T\u00e9l\u00e9phone : 03.67.100.273<\/p>\n<\/div>\n\n\n\n<div class=\"wp-block-column is-layout-flow wp-block-column-is-layout-flow\">\n<p><strong>H\u00e9bergement<\/strong><\/p>\n\n\n\n<p>Nom : OVH SAS<br>Adresse : &nbsp;2 rue Kellermann - 59100 Roubaix - France<br>Adresse du site web : www.ovh.com<\/p>\n<\/div>\n<\/div>\n\n\n\n<p>Dans le cadre de la loi sur l\u2019\u00e9conomie num\u00e9rique, Jo du 22, Loi n\u00b0 2004-575.<\/p>\n\n\n\n<p><strong>PROPRI\u00c9T\u00c9 INTELLECTUELLE<\/strong><\/p>\n\n\n\n<p>Ce site est r\u00e9gi par la l\u00e9gislation fran\u00e7aise relative au droit d'auteur, au droit des marques et, plus g\u00e9n\u00e9ralement, aux droits de propri\u00e9t\u00e9 intellectuelle.<br>Toute reproduction ou repr\u00e9sentation, totale ou partielle, seules ou int\u00e9gr\u00e9es \u00e0 d'autres \u00e9l\u00e9ments, sans l'autorisation expresse et pr\u00e9alable, est strictement interdite.<\/p>\n\n\n\n<p>La structure g\u00e9n\u00e9rale du Site, les logiciels, textes, images, vid\u00e9os, sons, savoir-faire, animations et plus g\u00e9n\u00e9ralement toutes les informations et contenus figurant sur le Site sont, sauf mention contraire, la propri\u00e9t\u00e9 de la Mairie de Willer-sur-Thur, ou font l'objet de droits d'utilisation ou de repr\u00e9sentation. Ces \u00e9l\u00e9ments sont r\u00e9gis par les lois de protection du droit d'auteur.<br>Toute repr\u00e9sentation, modification, reproduction, d\u00e9naturation, totale ou partielle, de tout ou partie du Site et de son contenu, par quelque proc\u00e9d\u00e9 que ce soit et sur quelque support que ce soit, constitue une contrefa\u00e7on au sens des articles L335-2 et suivants du Code de la Propri\u00e9t\u00e9 Intellectuelle.<\/p>\n\n\n\n<p>La Mairie de Willer-sur-Thur se r\u00e9serve le droit de supprimer imm\u00e9diatement, et sans mise en demeure pr\u00e9alable, tout contenu, message, texte, image, graphique qui contreviendrait \u00e0 toute loi ou r\u00e9glementation en vigueur.<br>Si vous souhaitez utiliser un contenu du Site (texte, image, etc.), vous devez obtenir l'autorisation expresse, pr\u00e9alable et \u00e9crite, en \u00e9crivant \u00e0 l'adresse indiqu\u00e9e dans la section \" Contact \".<\/p>\n\n\n\n<p><br><strong>POLITIQUE DE CONFIDENTIALIT\u00c9<\/strong><\/p>\n\n\n\n<p>Le Site n'est pas destin\u00e9 \u00e0 recevoir de votre part des informations confidentielles. En cons\u00e9quence, toute information, quelle qu'en soit la forme - documents, donn\u00e9es, graphiques, questions, suggestions, concepts, remarques, ou autre -, que vous communiquerez sur le Site ne sera en aucun cas trait\u00e9e de mani\u00e8re confidentielle. Ainsi, lorsque vous nous transmettez des informations, nous avons le droit de les utiliser, reproduire, publier, modifier ou communiquer afin de traiter votre demande.<br>Les visiteurs du Site sont inform\u00e9s que des informations (\"cookies\") peuvent \u00eatre temporairement enregistr\u00e9es sur le disque dur de leur ordinateur afin de faciliter la navigation sur le Site. Les visiteurs autorisent ces cookies. Les cookies envoient des donn\u00e9es qui ne sont pas utilis\u00e9es pour l'identification mais pour enregistrer des informations relatives \u00e0 votre navigation sur le Site. Ils permettent d'effectuer des analyses sur les visiteurs du Site, sur leur visite, etc. afin d'am\u00e9liorer la qualit\u00e9 du Site. L'utilisateur est libre de refuser les cookies en configurant son navigateur selon les modalit\u00e9s d\u00e9taill\u00e9es sur le site http:\/\/www.cnil.fr\/english. Toutefois, le blocage de ces cookies peut entra\u00eener l'indisponibilit\u00e9 de certains services.<\/p>\n\n\n\n<p><\/p>\n\n\n\n<p><\/p>\n","protected":false},"excerpt":{"rendered":"<p>Mentions L\u00e9gales Responsable publication Monsieur le Maire, Jean-Luc Martini Conception Clic Way SAS Statut : SASCapita : 2000 \u20acSiret : 813 552 270 00015N\u00b0 TVA : FR5281355227012 Rue des Aulnes68760 Willer-sur-ThurT\u00e9l\u00e9phone : 03.67.100.273 H\u00e9bergement Nom : OVH SASAdresse : &nbsp;2 rue Kellermann - 59100 Roubaix - FranceAdresse du site web : www.ovh.com Dans le cadre [&hellip;]<\/p>\n","protected":false},"author":2,"featured_media":0,"parent":0,"menu_order":0,"comment_status":"open","ping_status":"closed","template":"","meta":{"_acf_changed":false,"footnotes":""},"class_list":["post-786","page","type-page","status-publish","hentry"],"acf":[],"yoast_head":"<!-- This site is optimized with the Yoast SEO plugin v27.4 - https:\/\/yoast.com\/product\/yoast-seo-wordpress\/ -->\n<title>Mentions L\u00e9gales - Willer-sur-Thur, le site officiel<\/title>\n<meta name=\"robots\" content=\"index, follow, max-snippet:-1, max-image-preview:large, max-video-preview:-1\" \/>\n<link rel=\"canonical\" href=\"https:\/\/www.willersurthur.fr\/mentions-legales\/\" \/>\n<meta property=\"og:locale\" content=\"fr_FR\" \/>\n<meta property=\"og:type\" content=\"article\" \/>\n<meta property=\"og:title\" content=\"Mentions L\u00e9gales - Willer-sur-Thur, le site officiel\" \/>\n<meta property=\"og:description\" content=\"Mentions L\u00e9gales Responsable publication Monsieur le Maire, Jean-Luc Martini Conception Clic Way SAS Statut : SASCapita : 2000 \u20acSiret : 813 552 270 00015N\u00b0 TVA : FR5281355227012 Rue des Aulnes68760 Willer-sur-ThurT\u00e9l\u00e9phone : 03.67.100.273 H\u00e9bergement Nom : OVH SASAdresse : &nbsp;2 rue Kellermann - 59100 Roubaix - FranceAdresse du site web : www.ovh.com Dans le cadre [&hellip;]\" \/>\n<meta property=\"og:url\" content=\"https:\/\/www.willersurthur.fr\/mentions-legales\/\" \/>\n<meta property=\"og:site_name\" content=\"Willer-sur-Thur, le site officiel\" \/>\n<meta property=\"article:publisher\" content=\"https:\/\/www.facebook.com\/groups\/360622284145\/\" \/>\n<meta property=\"article:modified_time\" content=\"2022-01-21T22:28:27+00:00\" \/>\n<meta name=\"twitter:card\" content=\"summary_large_image\" \/>\n<meta name=\"twitter:label1\" content=\"Dur\u00e9e de lecture estim\u00e9e\" \/>\n\t<meta name=\"twitter:data1\" content=\"3 minutes\" \/>\n<script type=\"application\/ld+json\" class=\"yoast-schema-graph\">{\"@context\":\"https:\\\/\\\/schema.org\",\"@graph\":[{\"@type\":\"WebPage\",\"@id\":\"https:\\\/\\\/www.willersurthur.fr\\\/mentions-legales\\\/\",\"url\":\"https:\\\/\\\/www.willersurthur.fr\\\/mentions-legales\\\/\",\"name\":\"Mentions L\u00e9gales - Willer-sur-Thur, le site officiel\",\"isPartOf\":{\"@id\":\"https:\\\/\\\/www.willersurthur.fr\\\/#website\"},\"datePublished\":\"2021-07-30T16:27:00+00:00\",\"dateModified\":\"2022-01-21T22:28:27+00:00\",\"breadcrumb\":{\"@id\":\"https:\\\/\\\/www.willersurthur.fr\\\/mentions-legales\\\/#breadcrumb\"},\"inLanguage\":\"fr-FR\",\"potentialAction\":[{\"@type\":\"ReadAction\",\"target\":[\"https:\\\/\\\/www.willersurthur.fr\\\/mentions-legales\\\/\"]}]},{\"@type\":\"BreadcrumbList\",\"@id\":\"https:\\\/\\\/www.willersurthur.fr\\\/mentions-legales\\\/#breadcrumb\",\"itemListElement\":[{\"@type\":\"ListItem\",\"position\":1,\"name\":\"Accueil\",\"item\":\"https:\\\/\\\/www.willersurthur.fr\\\/\"},{\"@type\":\"ListItem\",\"position\":2,\"name\":\"Mentions L\u00e9gales\"}]},{\"@type\":\"WebSite\",\"@id\":\"https:\\\/\\\/www.willersurthur.fr\\\/#website\",\"url\":\"https:\\\/\\\/www.willersurthur.fr\\\/\",\"name\":\"Willer-sur-Thur, le site officiel\",\"description\":\"Bienvenue sur le site officiel de Willer-sur-Thur, 4\u00e8me commune foresti\u00e8re du d\u00e9partement du Haut-Rhin en Alsace.\",\"potentialAction\":[{\"@type\":\"SearchAction\",\"target\":{\"@type\":\"EntryPoint\",\"urlTemplate\":\"https:\\\/\\\/www.willersurthur.fr\\\/?s={search_term_string}\"},\"query-input\":{\"@type\":\"PropertyValueSpecification\",\"valueRequired\":true,\"valueName\":\"search_term_string\"}}],\"inLanguage\":\"fr-FR\"}]}<\/script>\n<!-- \/ Yoast SEO plugin. -->","yoast_head_json":{"title":"Mentions L\u00e9gales - Willer-sur-Thur, le site officiel","robots":{"index":"index","follow":"follow","max-snippet":"max-snippet:-1","max-image-preview":"max-image-preview:large","max-video-preview":"max-video-preview:-1"},"canonical":"https:\/\/www.willersurthur.fr\/mentions-legales\/","og_locale":"fr_FR","og_type":"article","og_title":"Mentions L\u00e9gales - Willer-sur-Thur, le site officiel","og_description":"Mentions L\u00e9gales Responsable publication Monsieur le Maire, Jean-Luc Martini Conception Clic Way SAS Statut : SASCapita : 2000 \u20acSiret : 813 552 270 00015N\u00b0 TVA : FR5281355227012 Rue des Aulnes68760 Willer-sur-ThurT\u00e9l\u00e9phone : 03.67.100.273 H\u00e9bergement Nom : OVH SASAdresse : &nbsp;2 rue Kellermann - 59100 Roubaix - FranceAdresse du site web : www.ovh.com Dans le cadre [&hellip;]","og_url":"https:\/\/www.willersurthur.fr\/mentions-legales\/","og_site_name":"Willer-sur-Thur, le site officiel","article_publisher":"https:\/\/www.facebook.com\/groups\/360622284145\/","article_modified_time":"2022-01-21T22:28:27+00:00","twitter_card":"summary_large_image","twitter_misc":{"Dur\u00e9e de lecture estim\u00e9e":"3 minutes"},"schema":{"@context":"https:\/\/schema.org","@graph":[{"@type":"WebPage","@id":"https:\/\/www.willersurthur.fr\/mentions-legales\/","url":"https:\/\/www.willersurthur.fr\/mentions-legales\/","name":"Mentions L\u00e9gales - Willer-sur-Thur, le site officiel","isPartOf":{"@id":"https:\/\/www.willersurthur.fr\/#website"},"datePublished":"2021-07-30T16:27:00+00:00","dateModified":"2022-01-21T22:28:27+00:00","breadcrumb":{"@id":"https:\/\/www.willersurthur.fr\/mentions-legales\/#breadcrumb"},"inLanguage":"fr-FR","potentialAction":[{"@type":"ReadAction","target":["https:\/\/www.willersurthur.fr\/mentions-legales\/"]}]},{"@type":"BreadcrumbList","@id":"https:\/\/www.willersurthur.fr\/mentions-legales\/#breadcrumb","itemListElement":[{"@type":"ListItem","position":1,"name":"Accueil","item":"https:\/\/www.willersurthur.fr\/"},{"@type":"ListItem","position":2,"name":"Mentions L\u00e9gales"}]},{"@type":"WebSite","@id":"https:\/\/www.willersurthur.fr\/#website","url":"https:\/\/www.willersurthur.fr\/","name":"Willer-sur-Thur, le site officiel","description":"Bienvenue sur le site officiel de Willer-sur-Thur, 4\u00e8me commune foresti\u00e8re du d\u00e9partement du Haut-Rhin en Alsace.","potentialAction":[{"@type":"SearchAction","target":{"@type":"EntryPoint","urlTemplate":"https:\/\/www.willersurthur.fr\/?s={search_term_string}"},"query-input":{"@type":"PropertyValueSpecification","valueRequired":true,"valueName":"search_term_string"}}],"inLanguage":"fr-FR"}]}},"ACF":false,"_links":{"self":[{"href":"https:\/\/www.willersurthur.fr\/api\/wp\/v2\/pages\/786","targetHints":{"allow":["GET"]}}],"collection":[{"href":"https:\/\/www.willersurthur.fr\/api\/wp\/v2\/pages"}],"about":[{"href":"https:\/\/www.willersurthur.fr\/api\/wp\/v2\/types\/page"}],"author":[{"embeddable":true,"href":"https:\/\/www.willersurthur.fr\/api\/wp\/v2\/users\/2"}],"replies":[{"embeddable":true,"href":"https:\/\/www.willersurthur.fr\/api\/wp\/v2\/comments?post=786"}],"version-history":[{"count":9,"href":"https:\/\/www.willersurthur.fr\/api\/wp\/v2\/pages\/786\/revisions"}],"predecessor-version":[{"id":1066,"href":"https:\/\/www.willersurthur.fr\/api\/wp\/v2\/pages\/786\/revisions\/1066"}],"wp:attachment":[{"href":"https:\/\/www.willersurthur.fr\/api\/wp\/v2\/media?parent=786"}],"curies":[{"name":"wp","href":"https:\/\/api.w.org\/{rel}","templated":true}]}}