{"id":544,"date":"2021-07-29T08:08:34","date_gmt":"2021-07-29T08:08:34","guid":{"rendered":"https:\/\/www.willersurthur.fr\/?page_id=544"},"modified":"2025-10-22T10:19:26","modified_gmt":"2025-10-22T08:19:26","slug":"seniors","status":"publish","type":"page","link":"https:\/\/www.willersurthur.fr\/vie-pratique\/seniors\/","title":{"rendered":"Seniors"},"content":{"rendered":"\n<h1 class=\"wp-block-heading\">Willer-sur-Thur et les seniors<\/h1>\n\n\n\n<div style=\"height:50px\" aria-hidden=\"true\" class=\"wp-block-spacer\"><\/div>\n\n\n\n<div class=\"wp-block-columns is-layout-flex wp-container-core-columns-is-layout-28f84493 wp-block-columns-is-layout-flex\">\n<div class=\"wp-block-column is-layout-flow wp-block-column-is-layout-flow\">\n<figure class=\"wp-block-gallery has-nested-images columns-2 is-cropped wp-block-gallery-1 is-layout-flex wp-block-gallery-is-layout-flex\">\n<figure class=\"wp-block-image size-large\"><a href=\"https:\/\/www.willersurthur.fr\/wp-content\/uploads\/2021\/07\/seniors-bbq-musiciens.jpg\"><img loading=\"lazy\" decoding=\"async\" width=\"960\" height=\"642\" data-id=\"555\" src=\"https:\/\/www.willersurthur.fr\/wp-content\/uploads\/2021\/07\/seniors-bbq-musiciens.jpg\" alt=\"seniors bbq\" class=\"wp-image-555\" srcset=\"https:\/\/www.willersurthur.fr\/wp-content\/uploads\/2021\/07\/seniors-bbq-musiciens.jpg 960w, https:\/\/www.willersurthur.fr\/wp-content\/uploads\/2021\/07\/seniors-bbq-musiciens-500x334.jpg 500w, https:\/\/www.willersurthur.fr\/wp-content\/uploads\/2021\/07\/seniors-bbq-musiciens-768x514.jpg 768w, https:\/\/www.willersurthur.fr\/wp-content\/uploads\/2021\/07\/seniors-bbq-musiciens-300x201.jpg 300w\" sizes=\"auto, (max-width: 960px) 100vw, 960px\" \/><\/a><\/figure>\n\n\n\n<figure class=\"wp-block-image size-large\"><a href=\"https:\/\/www.willersurthur.fr\/wp-content\/uploads\/2021\/07\/seniors-bbq1-scaled.jpg\"><img loading=\"lazy\" decoding=\"async\" width=\"1024\" height=\"687\" data-id=\"554\" src=\"https:\/\/www.willersurthur.fr\/wp-content\/uploads\/2021\/07\/seniors-bbq1-1024x687.jpg\" alt=\"seniors bbq\" class=\"wp-image-554\" srcset=\"https:\/\/www.willersurthur.fr\/wp-content\/uploads\/2021\/07\/seniors-bbq1-1024x687.jpg 1024w, https:\/\/www.willersurthur.fr\/wp-content\/uploads\/2021\/07\/seniors-bbq1-500x336.jpg 500w, https:\/\/www.willersurthur.fr\/wp-content\/uploads\/2021\/07\/seniors-bbq1-768x516.jpg 768w, https:\/\/www.willersurthur.fr\/wp-content\/uploads\/2021\/07\/seniors-bbq1-2048x1375.jpg 2048w, https:\/\/www.willersurthur.fr\/wp-content\/uploads\/2021\/07\/seniors-bbq1-1536x1031.jpg 1536w, https:\/\/www.willersurthur.fr\/wp-content\/uploads\/2021\/07\/seniors-bbq1-300x201.jpg 300w, https:\/\/www.willersurthur.fr\/wp-content\/uploads\/2021\/07\/seniors-bbq1-scaled.jpg 2560w\" sizes=\"auto, (max-width: 1024px) 100vw, 1024px\" \/><\/a><\/figure>\n\n\n\n<figure class=\"wp-block-image size-large\"><a href=\"https:\/\/www.willersurthur.fr\/wp-content\/uploads\/2021\/07\/seniors-bbq-scaled.jpg\"><img loading=\"lazy\" decoding=\"async\" width=\"1024\" height=\"685\" data-id=\"553\" src=\"https:\/\/www.willersurthur.fr\/wp-content\/uploads\/2021\/07\/seniors-bbq-1024x685.jpg\" alt=\"seniors bbq\" class=\"wp-image-553\" srcset=\"https:\/\/www.willersurthur.fr\/wp-content\/uploads\/2021\/07\/seniors-bbq-1024x685.jpg 1024w, https:\/\/www.willersurthur.fr\/wp-content\/uploads\/2021\/07\/seniors-bbq-500x335.jpg 500w, https:\/\/www.willersurthur.fr\/wp-content\/uploads\/2021\/07\/seniors-bbq-768x514.jpg 768w, https:\/\/www.willersurthur.fr\/wp-content\/uploads\/2021\/07\/seniors-bbq-1536x1028.jpg 1536w, https:\/\/www.willersurthur.fr\/wp-content\/uploads\/2021\/07\/seniors-bbq-2048x1371.jpg 2048w, https:\/\/www.willersurthur.fr\/wp-content\/uploads\/2021\/07\/seniors-bbq-300x201.jpg 300w, https:\/\/www.willersurthur.fr\/wp-content\/uploads\/2021\/07\/seniors-bbq-scaled.jpg 2560w\" sizes=\"auto, (max-width: 1024px) 100vw, 1024px\" \/><\/a><\/figure>\n\n\n\n<figure class=\"wp-block-image size-large\"><a href=\"https:\/\/www.willersurthur.fr\/wp-content\/uploads\/2021\/07\/seniors-table-de-noel-2017-1-bandeau.jpg\"><img loading=\"lazy\" decoding=\"async\" width=\"1024\" height=\"713\" data-id=\"552\" src=\"https:\/\/www.willersurthur.fr\/wp-content\/uploads\/2021\/07\/seniors-table-de-noel-2017-1-bandeau.jpg\" alt=\"seniors table de No\u00ebl\" class=\"wp-image-552\" srcset=\"https:\/\/www.willersurthur.fr\/wp-content\/uploads\/2021\/07\/seniors-table-de-noel-2017-1-bandeau.jpg 1024w, https:\/\/www.willersurthur.fr\/wp-content\/uploads\/2021\/07\/seniors-table-de-noel-2017-1-bandeau-500x348.jpg 500w, https:\/\/www.willersurthur.fr\/wp-content\/uploads\/2021\/07\/seniors-table-de-noel-2017-1-bandeau-768x535.jpg 768w, https:\/\/www.willersurthur.fr\/wp-content\/uploads\/2021\/07\/seniors-table-de-noel-2017-1-bandeau-300x209.jpg 300w\" sizes=\"auto, (max-width: 1024px) 100vw, 1024px\" \/><\/a><\/figure>\n\n\n\n<figure class=\"wp-block-image size-large\"><a href=\"https:\/\/www.willersurthur.fr\/wp-content\/uploads\/2021\/07\/seniors-bb-ensemble-scaled.jpg\"><img loading=\"lazy\" decoding=\"async\" width=\"1024\" height=\"687\" data-id=\"551\" src=\"https:\/\/www.willersurthur.fr\/wp-content\/uploads\/2021\/07\/seniors-bb-ensemble-1024x687.jpg\" alt=\"seniors bbq\" class=\"wp-image-551\" srcset=\"https:\/\/www.willersurthur.fr\/wp-content\/uploads\/2021\/07\/seniors-bb-ensemble-1024x687.jpg 1024w, https:\/\/www.willersurthur.fr\/wp-content\/uploads\/2021\/07\/seniors-bb-ensemble-500x336.jpg 500w, https:\/\/www.willersurthur.fr\/wp-content\/uploads\/2021\/07\/seniors-bb-ensemble-768x516.jpg 768w, https:\/\/www.willersurthur.fr\/wp-content\/uploads\/2021\/07\/seniors-bb-ensemble-2048x1375.jpg 2048w, https:\/\/www.willersurthur.fr\/wp-content\/uploads\/2021\/07\/seniors-bb-ensemble-1536x1031.jpg 1536w, https:\/\/www.willersurthur.fr\/wp-content\/uploads\/2021\/07\/seniors-bb-ensemble-300x201.jpg 300w, https:\/\/www.willersurthur.fr\/wp-content\/uploads\/2021\/07\/seniors-bb-ensemble-scaled.jpg 2560w\" sizes=\"auto, (max-width: 1024px) 100vw, 1024px\" \/><\/a><\/figure>\n\n\n\n<figure class=\"wp-block-image size-large\"><a href=\"https:\/\/www.willersurthur.fr\/wp-content\/uploads\/2021\/07\/seniors-bbq-prepa.jpg\"><img loading=\"lazy\" decoding=\"async\" width=\"960\" height=\"642\" data-id=\"550\" src=\"https:\/\/www.willersurthur.fr\/wp-content\/uploads\/2021\/07\/seniors-bbq-prepa.jpg\" alt=\"seniors bbq\" class=\"wp-image-550\" srcset=\"https:\/\/www.willersurthur.fr\/wp-content\/uploads\/2021\/07\/seniors-bbq-prepa.jpg 960w, https:\/\/www.willersurthur.fr\/wp-content\/uploads\/2021\/07\/seniors-bbq-prepa-500x334.jpg 500w, https:\/\/www.willersurthur.fr\/wp-content\/uploads\/2021\/07\/seniors-bbq-prepa-768x514.jpg 768w, https:\/\/www.willersurthur.fr\/wp-content\/uploads\/2021\/07\/seniors-bbq-prepa-300x201.jpg 300w\" sizes=\"auto, (max-width: 960px) 100vw, 960px\" \/><\/a><\/figure>\n\n\n\n<figure class=\"wp-block-image size-large\"><a href=\"https:\/\/www.willersurthur.fr\/wp-content\/uploads\/2021\/07\/seniors-densemble-fe\u0302te-de-noel.jpg\"><img loading=\"lazy\" decoding=\"async\" width=\"1024\" height=\"683\" data-id=\"549\" src=\"https:\/\/www.willersurthur.fr\/wp-content\/uploads\/2021\/07\/seniors-densemble-fe\u0302te-de-noel-1024x683.jpg\" alt=\"\" class=\"wp-image-549\" srcset=\"https:\/\/www.willersurthur.fr\/wp-content\/uploads\/2021\/07\/seniors-densemble-fe\u0302te-de-noel-1024x683.jpg 1024w, https:\/\/www.willersurthur.fr\/wp-content\/uploads\/2021\/07\/seniors-densemble-fe\u0302te-de-noel-500x333.jpg 500w, https:\/\/www.willersurthur.fr\/wp-content\/uploads\/2021\/07\/seniors-densemble-fe\u0302te-de-noel-768x512.jpg 768w, https:\/\/www.willersurthur.fr\/wp-content\/uploads\/2021\/07\/seniors-densemble-fe\u0302te-de-noel-1536x1024.jpg 1536w, https:\/\/www.willersurthur.fr\/wp-content\/uploads\/2021\/07\/seniors-densemble-fe\u0302te-de-noel-2048x1365.jpg 2048w, https:\/\/www.willersurthur.fr\/wp-content\/uploads\/2021\/07\/seniors-densemble-fe\u0302te-de-noel-300x200.jpg 300w, https:\/\/www.willersurthur.fr\/wp-content\/uploads\/2021\/07\/seniors-densemble-fe\u0302te-de-noel.jpg 2304w\" sizes=\"auto, (max-width: 1024px) 100vw, 1024px\" \/><\/a><\/figure>\n<\/figure>\n<\/div>\n\n\n\n<div class=\"wp-block-column is-layout-flow wp-block-column-is-layout-flow\">\n<h2 class=\"wp-block-heading\">Les Seniors<\/h2>\n\n\n\n<p>La commune organise deux grands rendez-vous dans l\u2019ann\u00e9e pour les seniors : le barbecue en juin dans le parc de la mairie et la f\u00eate de No\u00ebl. Ce sont des grands moments de convivialit\u00e9 et de bonheur \u00e0 se retrouver. Depuis le 7 juillet 2010 les seniors ont cr\u00e9\u00e9 leur association, Loisirs des Seniors de Willer-sur-Thur (ALSW). Ils se r\u00e9unissent une fois tous les premiers mardis du mois pour des activit\u00e9s divertissantes, sociales et ludiques.<\/p>\n\n\n\n<p>Pour tout renseignement : M. Bernard GROTZINGER<br>T\u00e9l\u00e9phone : <a href=\"tel:+33610234621\" target=\"_blank\" rel=\"noreferrer noopener\">06 10 23 46 21<\/a><br>E-mail : <a href=\"mailto:bgrotzinger@orange.fr\" target=\"_blank\" rel=\"noreferrer noopener\">bgrotzinger@orange.fr<\/a><\/p>\n\n\n\n<h2 class=\"wp-block-heading\">Les loisirs adapt\u00e9s \u00e0 tout \u00e2ge<\/h2>\n\n\n\n<p>Gymnastique sur chaise tous les vendredis matins de 9h30 \u00e0 10h30 \u00e0 la salle polyvalente.<\/p>\n\n\n\n<p>Inscriptions et renseignements sur place ou aupr\u00e8s d'Eliane au 06 46 31 32 41.<\/p>\n<\/div>\n<\/div>\n\n\n\n<div class=\"wp-block-columns is-layout-flex wp-container-core-columns-is-layout-28f84493 wp-block-columns-is-layout-flex\">\n<div class=\"wp-block-column is-layout-flow wp-block-column-is-layout-flow\">\n<h2 class=\"wp-block-heading\">Les maisons de retraites<\/h2>\n\n\n\n<p><strong>Pour celles et ceux qui sont \u00e0 la recherche d\u2019une maison de retraite :<\/strong><br><\/p>\n\n\n\n<p>Le site <a href=\"http:\/\/www.lesmaisonsderetraite.fr\" data-type=\"URL\" data-id=\"www.lesmaisonsderetraite.fr\" target=\"_blank\" rel=\"noreferrer noopener\">www.lesmaisonsderetraite.fr<\/a> est l\u2019annuaire le plus utilis\u00e9 sur internet pour la recherche d\u2019un h\u00e9bergement pour personnes \u00e2g\u00e9es. Il recense la totalit\u00e9 des \u00e9tablissements fran\u00e7ais et permet \u00e0 l\u2019internaute d\u2019effectuer une recherche par localit\u00e9.<\/p>\n\n\n\n<p>Sur ce site, vous trouverez une source d\u2019informations pratiques (aides, \u00e9valuation de la d\u00e9pendance, dossier unique d\u2019admission, informations tarifaires\u2026) et vous pourrez effectuer vos recherches ais\u00e9ment via un annuaire exhaustif d\u2019\u00e9tablissements.<\/p>\n\n\n\n<p>En cliquant <a href=\"http:\/\/www.lesmaisonsderetraite.fr\/maisons-de-retraite\/departements.asp?dep=68\" data-type=\"URL\" data-id=\"http:\/\/www.lesmaisonsderetraite.fr\/maisons-de-retraite\/departements.asp?dep=68\" target=\"_blank\" rel=\"noreferrer noopener\">ICI<\/a>, vous acc\u00e9derez directement \u00e0 l\u2019annuaire des \u00e9tablissements du Haut-Rhin.<\/p>\n<\/div>\n<\/div>\n","protected":false},"excerpt":{"rendered":"<p>Willer-sur-Thur et les seniors Les Seniors La commune organise deux grands rendez-vous dans l\u2019ann\u00e9e pour les seniors : le barbecue en juin dans le parc de la mairie et la f\u00eate de No\u00ebl. Ce sont des grands moments de convivialit\u00e9 et de bonheur \u00e0 se retrouver. Depuis le 7 juillet 2010 les seniors ont cr\u00e9\u00e9 [&hellip;]<\/p>\n","protected":false},"author":2,"featured_media":0,"parent":456,"menu_order":0,"comment_status":"open","ping_status":"closed","template":"","meta":{"_acf_changed":false,"footnotes":""},"class_list":["post-544","page","type-page","status-publish","hentry"],"acf":[],"yoast_head":"<!-- This site is optimized with the Yoast SEO plugin v27.4 - https:\/\/yoast.com\/product\/yoast-seo-wordpress\/ -->\n<title>Seniors - Willer-sur-Thur, le site officiel<\/title>\n<meta name=\"robots\" content=\"index, follow, max-snippet:-1, max-image-preview:large, max-video-preview:-1\" \/>\n<link rel=\"canonical\" href=\"https:\/\/www.willersurthur.fr\/vie-pratique\/seniors\/\" \/>\n<meta property=\"og:locale\" content=\"fr_FR\" \/>\n<meta property=\"og:type\" content=\"article\" \/>\n<meta property=\"og:title\" content=\"Seniors - Willer-sur-Thur, le site officiel\" \/>\n<meta property=\"og:description\" content=\"Willer-sur-Thur et les seniors Les Seniors La commune organise deux grands rendez-vous dans l\u2019ann\u00e9e pour les seniors : le barbecue en juin dans le parc de la mairie et la f\u00eate de No\u00ebl. Ce sont des grands moments de convivialit\u00e9 et de bonheur \u00e0 se retrouver. Depuis le 7 juillet 2010 les seniors ont cr\u00e9\u00e9 [&hellip;]\" \/>\n<meta property=\"og:url\" content=\"https:\/\/www.willersurthur.fr\/vie-pratique\/seniors\/\" \/>\n<meta property=\"og:site_name\" content=\"Willer-sur-Thur, le site officiel\" \/>\n<meta property=\"article:publisher\" content=\"https:\/\/www.facebook.com\/groups\/360622284145\/\" \/>\n<meta property=\"article:modified_time\" content=\"2025-10-22T08:19:26+00:00\" \/>\n<meta property=\"og:image\" content=\"https:\/\/www.willersurthur.fr\/wp-content\/uploads\/2021\/07\/seniors-bbq-musiciens.jpg\" \/>\n\t<meta property=\"og:image:width\" content=\"960\" \/>\n\t<meta property=\"og:image:height\" content=\"642\" \/>\n\t<meta property=\"og:image:type\" content=\"image\/jpeg\" \/>\n<meta name=\"twitter:card\" content=\"summary_large_image\" \/>\n<meta name=\"twitter:label1\" content=\"Dur\u00e9e de lecture estim\u00e9e\" \/>\n\t<meta name=\"twitter:data1\" content=\"3 minutes\" \/>\n<script type=\"application\/ld+json\" class=\"yoast-schema-graph\">{\"@context\":\"https:\\\/\\\/schema.org\",\"@graph\":[{\"@type\":\"WebPage\",\"@id\":\"https:\\\/\\\/www.willersurthur.fr\\\/vie-pratique\\\/seniors\\\/\",\"url\":\"https:\\\/\\\/www.willersurthur.fr\\\/vie-pratique\\\/seniors\\\/\",\"name\":\"Seniors - Willer-sur-Thur, le site officiel\",\"isPartOf\":{\"@id\":\"https:\\\/\\\/www.willersurthur.fr\\\/#website\"},\"primaryImageOfPage\":{\"@id\":\"https:\\\/\\\/www.willersurthur.fr\\\/vie-pratique\\\/seniors\\\/#primaryimage\"},\"image\":{\"@id\":\"https:\\\/\\\/www.willersurthur.fr\\\/vie-pratique\\\/seniors\\\/#primaryimage\"},\"thumbnailUrl\":\"https:\\\/\\\/www.willersurthur.fr\\\/wp-content\\\/uploads\\\/2021\\\/07\\\/seniors-bbq-musiciens.jpg\",\"datePublished\":\"2021-07-29T08:08:34+00:00\",\"dateModified\":\"2025-10-22T08:19:26+00:00\",\"breadcrumb\":{\"@id\":\"https:\\\/\\\/www.willersurthur.fr\\\/vie-pratique\\\/seniors\\\/#breadcrumb\"},\"inLanguage\":\"fr-FR\",\"potentialAction\":[{\"@type\":\"ReadAction\",\"target\":[\"https:\\\/\\\/www.willersurthur.fr\\\/vie-pratique\\\/seniors\\\/\"]}]},{\"@type\":\"ImageObject\",\"inLanguage\":\"fr-FR\",\"@id\":\"https:\\\/\\\/www.willersurthur.fr\\\/vie-pratique\\\/seniors\\\/#primaryimage\",\"url\":\"https:\\\/\\\/www.willersurthur.fr\\\/wp-content\\\/uploads\\\/2021\\\/07\\\/seniors-bbq-musiciens.jpg\",\"contentUrl\":\"https:\\\/\\\/www.willersurthur.fr\\\/wp-content\\\/uploads\\\/2021\\\/07\\\/seniors-bbq-musiciens.jpg\",\"width\":960,\"height\":642,\"caption\":\"seniors bbq\"},{\"@type\":\"BreadcrumbList\",\"@id\":\"https:\\\/\\\/www.willersurthur.fr\\\/vie-pratique\\\/seniors\\\/#breadcrumb\",\"itemListElement\":[{\"@type\":\"ListItem\",\"position\":1,\"name\":\"Accueil\",\"item\":\"https:\\\/\\\/www.willersurthur.fr\\\/\"},{\"@type\":\"ListItem\",\"position\":2,\"name\":\"Village et vie pratique\",\"item\":\"https:\\\/\\\/www.willersurthur.fr\\\/vie-pratique\\\/\"},{\"@type\":\"ListItem\",\"position\":3,\"name\":\"Seniors\"}]},{\"@type\":\"WebSite\",\"@id\":\"https:\\\/\\\/www.willersurthur.fr\\\/#website\",\"url\":\"https:\\\/\\\/www.willersurthur.fr\\\/\",\"name\":\"Willer-sur-Thur, le site officiel\",\"description\":\"Bienvenue sur le site officiel de Willer-sur-Thur, 4\u00e8me commune foresti\u00e8re du d\u00e9partement du Haut-Rhin en Alsace.\",\"potentialAction\":[{\"@type\":\"SearchAction\",\"target\":{\"@type\":\"EntryPoint\",\"urlTemplate\":\"https:\\\/\\\/www.willersurthur.fr\\\/?s={search_term_string}\"},\"query-input\":{\"@type\":\"PropertyValueSpecification\",\"valueRequired\":true,\"valueName\":\"search_term_string\"}}],\"inLanguage\":\"fr-FR\"}]}<\/script>\n<!-- \/ Yoast SEO plugin. -->","yoast_head_json":{"title":"Seniors - Willer-sur-Thur, le site officiel","robots":{"index":"index","follow":"follow","max-snippet":"max-snippet:-1","max-image-preview":"max-image-preview:large","max-video-preview":"max-video-preview:-1"},"canonical":"https:\/\/www.willersurthur.fr\/vie-pratique\/seniors\/","og_locale":"fr_FR","og_type":"article","og_title":"Seniors - Willer-sur-Thur, le site officiel","og_description":"Willer-sur-Thur et les seniors Les Seniors La commune organise deux grands rendez-vous dans l\u2019ann\u00e9e pour les seniors : le barbecue en juin dans le parc de la mairie et la f\u00eate de No\u00ebl. Ce sont des grands moments de convivialit\u00e9 et de bonheur \u00e0 se retrouver. Depuis le 7 juillet 2010 les seniors ont cr\u00e9\u00e9 [&hellip;]","og_url":"https:\/\/www.willersurthur.fr\/vie-pratique\/seniors\/","og_site_name":"Willer-sur-Thur, le site officiel","article_publisher":"https:\/\/www.facebook.com\/groups\/360622284145\/","article_modified_time":"2025-10-22T08:19:26+00:00","og_image":[{"width":960,"height":642,"url":"https:\/\/www.willersurthur.fr\/wp-content\/uploads\/2021\/07\/seniors-bbq-musiciens.jpg","type":"image\/jpeg"}],"twitter_card":"summary_large_image","twitter_misc":{"Dur\u00e9e de lecture estim\u00e9e":"3 minutes"},"schema":{"@context":"https:\/\/schema.org","@graph":[{"@type":"WebPage","@id":"https:\/\/www.willersurthur.fr\/vie-pratique\/seniors\/","url":"https:\/\/www.willersurthur.fr\/vie-pratique\/seniors\/","name":"Seniors - Willer-sur-Thur, le site officiel","isPartOf":{"@id":"https:\/\/www.willersurthur.fr\/#website"},"primaryImageOfPage":{"@id":"https:\/\/www.willersurthur.fr\/vie-pratique\/seniors\/#primaryimage"},"image":{"@id":"https:\/\/www.willersurthur.fr\/vie-pratique\/seniors\/#primaryimage"},"thumbnailUrl":"https:\/\/www.willersurthur.fr\/wp-content\/uploads\/2021\/07\/seniors-bbq-musiciens.jpg","datePublished":"2021-07-29T08:08:34+00:00","dateModified":"2025-10-22T08:19:26+00:00","breadcrumb":{"@id":"https:\/\/www.willersurthur.fr\/vie-pratique\/seniors\/#breadcrumb"},"inLanguage":"fr-FR","potentialAction":[{"@type":"ReadAction","target":["https:\/\/www.willersurthur.fr\/vie-pratique\/seniors\/"]}]},{"@type":"ImageObject","inLanguage":"fr-FR","@id":"https:\/\/www.willersurthur.fr\/vie-pratique\/seniors\/#primaryimage","url":"https:\/\/www.willersurthur.fr\/wp-content\/uploads\/2021\/07\/seniors-bbq-musiciens.jpg","contentUrl":"https:\/\/www.willersurthur.fr\/wp-content\/uploads\/2021\/07\/seniors-bbq-musiciens.jpg","width":960,"height":642,"caption":"seniors bbq"},{"@type":"BreadcrumbList","@id":"https:\/\/www.willersurthur.fr\/vie-pratique\/seniors\/#breadcrumb","itemListElement":[{"@type":"ListItem","position":1,"name":"Accueil","item":"https:\/\/www.willersurthur.fr\/"},{"@type":"ListItem","position":2,"name":"Village et vie pratique","item":"https:\/\/www.willersurthur.fr\/vie-pratique\/"},{"@type":"ListItem","position":3,"name":"Seniors"}]},{"@type":"WebSite","@id":"https:\/\/www.willersurthur.fr\/#website","url":"https:\/\/www.willersurthur.fr\/","name":"Willer-sur-Thur, le site officiel","description":"Bienvenue sur le site officiel de Willer-sur-Thur, 4\u00e8me commune foresti\u00e8re du d\u00e9partement du Haut-Rhin en Alsace.","potentialAction":[{"@type":"SearchAction","target":{"@type":"EntryPoint","urlTemplate":"https:\/\/www.willersurthur.fr\/?s={search_term_string}"},"query-input":{"@type":"PropertyValueSpecification","valueRequired":true,"valueName":"search_term_string"}}],"inLanguage":"fr-FR"}]}},"ACF":false,"_links":{"self":[{"href":"https:\/\/www.willersurthur.fr\/api\/wp\/v2\/pages\/544","targetHints":{"allow":["GET"]}}],"collection":[{"href":"https:\/\/www.willersurthur.fr\/api\/wp\/v2\/pages"}],"about":[{"href":"https:\/\/www.willersurthur.fr\/api\/wp\/v2\/types\/page"}],"author":[{"embeddable":true,"href":"https:\/\/www.willersurthur.fr\/api\/wp\/v2\/users\/2"}],"replies":[{"embeddable":true,"href":"https:\/\/www.willersurthur.fr\/api\/wp\/v2\/comments?post=544"}],"version-history":[{"count":21,"href":"https:\/\/www.willersurthur.fr\/api\/wp\/v2\/pages\/544\/revisions"}],"predecessor-version":[{"id":2013,"href":"https:\/\/www.willersurthur.fr\/api\/wp\/v2\/pages\/544\/revisions\/2013"}],"up":[{"embeddable":true,"href":"https:\/\/www.willersurthur.fr\/api\/wp\/v2\/pages\/456"}],"wp:attachment":[{"href":"https:\/\/www.willersurthur.fr\/api\/wp\/v2\/media?parent=544"}],"curies":[{"name":"wp","href":"https:\/\/api.w.org\/{rel}","templated":true}]}}