{"id":526,"date":"2021-07-29T07:13:20","date_gmt":"2021-07-29T07:13:20","guid":{"rendered":"https:\/\/www.willersurthur.fr\/?page_id=526"},"modified":"2021-09-06T12:30:43","modified_gmt":"2021-09-06T12:30:43","slug":"jeunes","status":"publish","type":"page","link":"https:\/\/www.willersurthur.fr\/vie-pratique\/jeunes\/","title":{"rendered":"Jeunes"},"content":{"rendered":"\n<h1 class=\"wp-block-heading\">Willer-sur-Thur et sa jeunesse<\/h1>\n\n\n\n<div style=\"height:50px\" aria-hidden=\"true\" class=\"wp-block-spacer\"><\/div>\n\n\n\n<div class=\"wp-block-columns is-layout-flex wp-container-core-columns-is-layout-28f84493 wp-block-columns-is-layout-flex\">\n<div class=\"wp-block-column is-layout-flow wp-block-column-is-layout-flow\">\n<figure class=\"wp-block-gallery columns-2 is-cropped wp-block-gallery-1 is-layout-flex wp-block-gallery-is-layout-flex\"><ul class=\"blocks-gallery-grid\"><li class=\"blocks-gallery-item\"><figure><a href=\"https:\/\/www.willersurthur.fr\/wp-content\/uploads\/2021\/07\/jeunes-bbq.jpg\"><img loading=\"lazy\" decoding=\"async\" width=\"968\" height=\"648\" src=\"https:\/\/www.willersurthur.fr\/wp-content\/uploads\/2021\/07\/jeunes-bbq.jpg\" alt=\"jeunes-bbq\" data-id=\"533\" data-full-url=\"https:\/\/www.willersurthur.fr\/wp-content\/uploads\/2021\/07\/jeunes-bbq.jpg\" data-link=\"https:\/\/www.willersurthur.fr\/jeunes\/jeunes-bbq\/\" class=\"wp-image-533\" srcset=\"https:\/\/www.willersurthur.fr\/wp-content\/uploads\/2021\/07\/jeunes-bbq.jpg 968w, https:\/\/www.willersurthur.fr\/wp-content\/uploads\/2021\/07\/jeunes-bbq-500x335.jpg 500w, https:\/\/www.willersurthur.fr\/wp-content\/uploads\/2021\/07\/jeunes-bbq-768x514.jpg 768w, https:\/\/www.willersurthur.fr\/wp-content\/uploads\/2021\/07\/jeunes-bbq-300x201.jpg 300w\" sizes=\"auto, (max-width: 968px) 100vw, 968px\" \/><\/a><\/figure><\/li><li class=\"blocks-gallery-item\"><figure><a href=\"https:\/\/www.willersurthur.fr\/wp-content\/uploads\/2021\/07\/jeunes-bbq-2.jpg\"><img loading=\"lazy\" decoding=\"async\" width=\"634\" height=\"812\" src=\"https:\/\/www.willersurthur.fr\/wp-content\/uploads\/2021\/07\/jeunes-bbq-2.jpg\" alt=\"jeunes-bbq\" data-id=\"534\" data-full-url=\"https:\/\/www.willersurthur.fr\/wp-content\/uploads\/2021\/07\/jeunes-bbq-2.jpg\" data-link=\"https:\/\/www.willersurthur.fr\/jeunes\/jeunes-bbq-2\/\" class=\"wp-image-534\" srcset=\"https:\/\/www.willersurthur.fr\/wp-content\/uploads\/2021\/07\/jeunes-bbq-2.jpg 634w, https:\/\/www.willersurthur.fr\/wp-content\/uploads\/2021\/07\/jeunes-bbq-2-390x500.jpg 390w, https:\/\/www.willersurthur.fr\/wp-content\/uploads\/2021\/07\/jeunes-bbq-2-234x300.jpg 234w\" sizes=\"auto, (max-width: 634px) 100vw, 634px\" \/><\/a><\/figure><\/li><li class=\"blocks-gallery-item\"><figure><a href=\"https:\/\/www.willersurthur.fr\/wp-content\/uploads\/2021\/07\/jeune1.png\"><img loading=\"lazy\" decoding=\"async\" width=\"310\" height=\"150\" src=\"https:\/\/www.willersurthur.fr\/wp-content\/uploads\/2021\/07\/jeune1.png\" alt=\"city stade\" data-id=\"535\" data-full-url=\"https:\/\/www.willersurthur.fr\/wp-content\/uploads\/2021\/07\/jeune1.png\" data-link=\"https:\/\/www.willersurthur.fr\/jeunes\/jeune1\/\" class=\"wp-image-535\" srcset=\"https:\/\/www.willersurthur.fr\/wp-content\/uploads\/2021\/07\/jeune1.png 310w, https:\/\/www.willersurthur.fr\/wp-content\/uploads\/2021\/07\/jeune1-300x145.png 300w\" sizes=\"auto, (max-width: 310px) 100vw, 310px\" \/><\/a><\/figure><\/li><li class=\"blocks-gallery-item\"><figure><a href=\"https:\/\/www.willersurthur.fr\/wp-content\/uploads\/2021\/07\/jeune2.jpg\"><img loading=\"lazy\" decoding=\"async\" width=\"280\" height=\"204\" src=\"https:\/\/www.willersurthur.fr\/wp-content\/uploads\/2021\/07\/jeune2.jpg\" alt=\"jeux de plein-air\" data-id=\"536\" data-full-url=\"https:\/\/www.willersurthur.fr\/wp-content\/uploads\/2021\/07\/jeune2.jpg\" data-link=\"https:\/\/www.willersurthur.fr\/jeunes\/jeune2\/\" class=\"wp-image-536\"\/><\/a><\/figure><\/li><\/ul><\/figure>\n<\/div>\n\n\n\n<div class=\"wp-block-column is-layout-flow wp-block-column-is-layout-flow\">\n<h2 class=\"wp-block-heading\">Barbecue des jeunes<\/h2>\n\n\n\n<p>Les jeunes de 12 \u00e0 18 ans ont RDV pour leur barbecue annuel, en mai au parc de la Mairie. C'est l\u2019occasion pour la commission \"Juniors\" de glaner des id\u00e9es d'animations futures et de pr\u00e9senter le programme des animations de l\u2019\u00e9t\u00e9.<\/p>\n\n\n\n<h2 class=\"wp-block-heading\">Le city stade situ\u00e9 place de la salle polyvalente<\/h2>\n\n\n\n<p>Lieu de rencontre et de pratiques sportives inaugur\u00e9 le 16 juillet 2011. Cet espace est ouvert \u00e0 tous de 8h \u00e0 22h, avec n\u00e9anmoins des r\u00e8gles d\u2019utilisation \u00e0 respecter.<\/p>\n\n\n\n<h2 class=\"wp-block-heading\">Pour le plaisir des jeux de plein-air<\/h2>\n\n\n\n<p>Jouer ensemble, se rencontrer, passer une belle apr\u00e8s-midi dehors\u2026 le d\u00e9but d'une vie sociale bien int\u00e9gr\u00e9e !<\/p>\n<\/div>\n<\/div>\n","protected":false},"excerpt":{"rendered":"<p>Willer-sur-Thur et sa jeunesse Barbecue des jeunes Les jeunes de 12 \u00e0 18 ans ont RDV pour leur barbecue annuel, en mai au parc de la Mairie. C'est l\u2019occasion pour la commission \"Juniors\" de glaner des id\u00e9es d'animations futures et de pr\u00e9senter le programme des animations de l\u2019\u00e9t\u00e9. Le city stade situ\u00e9 place de la [&hellip;]<\/p>\n","protected":false},"author":2,"featured_media":0,"parent":456,"menu_order":0,"comment_status":"open","ping_status":"closed","template":"","meta":{"_acf_changed":false,"footnotes":""},"class_list":["post-526","page","type-page","status-publish","hentry"],"acf":[],"yoast_head":"<!-- This site is optimized with the Yoast SEO plugin v27.4 - https:\/\/yoast.com\/product\/yoast-seo-wordpress\/ -->\n<title>Jeunes - Willer-sur-Thur, le site officiel<\/title>\n<meta name=\"robots\" content=\"index, follow, max-snippet:-1, max-image-preview:large, max-video-preview:-1\" \/>\n<link rel=\"canonical\" href=\"https:\/\/www.willersurthur.fr\/vie-pratique\/jeunes\/\" \/>\n<meta property=\"og:locale\" content=\"fr_FR\" \/>\n<meta property=\"og:type\" content=\"article\" \/>\n<meta property=\"og:title\" content=\"Jeunes - Willer-sur-Thur, le site officiel\" \/>\n<meta property=\"og:description\" content=\"Willer-sur-Thur et sa jeunesse Barbecue des jeunes Les jeunes de 12 \u00e0 18 ans ont RDV pour leur barbecue annuel, en mai au parc de la Mairie. C&#039;est l\u2019occasion pour la commission &quot;Juniors&quot; de glaner des id\u00e9es d&#039;animations futures et de pr\u00e9senter le programme des animations de l\u2019\u00e9t\u00e9. Le city stade situ\u00e9 place de la [&hellip;]\" \/>\n<meta property=\"og:url\" content=\"https:\/\/www.willersurthur.fr\/vie-pratique\/jeunes\/\" \/>\n<meta property=\"og:site_name\" content=\"Willer-sur-Thur, le site officiel\" \/>\n<meta property=\"article:publisher\" content=\"https:\/\/www.facebook.com\/groups\/360622284145\/\" \/>\n<meta property=\"article:modified_time\" content=\"2021-09-06T12:30:43+00:00\" \/>\n<meta property=\"og:image\" content=\"https:\/\/www.willersurthur.fr\/wp-content\/uploads\/2021\/07\/jeunes-bbq.jpg\" \/>\n<meta name=\"twitter:card\" content=\"summary_large_image\" \/>\n<meta name=\"twitter:label1\" content=\"Dur\u00e9e de lecture estim\u00e9e\" \/>\n\t<meta name=\"twitter:data1\" content=\"1 minute\" \/>\n<script type=\"application\/ld+json\" class=\"yoast-schema-graph\">{\"@context\":\"https:\\\/\\\/schema.org\",\"@graph\":[{\"@type\":\"WebPage\",\"@id\":\"https:\\\/\\\/www.willersurthur.fr\\\/vie-pratique\\\/jeunes\\\/\",\"url\":\"https:\\\/\\\/www.willersurthur.fr\\\/vie-pratique\\\/jeunes\\\/\",\"name\":\"Jeunes - Willer-sur-Thur, le site officiel\",\"isPartOf\":{\"@id\":\"https:\\\/\\\/www.willersurthur.fr\\\/#website\"},\"primaryImageOfPage\":{\"@id\":\"https:\\\/\\\/www.willersurthur.fr\\\/vie-pratique\\\/jeunes\\\/#primaryimage\"},\"image\":{\"@id\":\"https:\\\/\\\/www.willersurthur.fr\\\/vie-pratique\\\/jeunes\\\/#primaryimage\"},\"thumbnailUrl\":\"https:\\\/\\\/www.willersurthur.fr\\\/wp-content\\\/uploads\\\/2021\\\/07\\\/jeunes-bbq.jpg\",\"datePublished\":\"2021-07-29T07:13:20+00:00\",\"dateModified\":\"2021-09-06T12:30:43+00:00\",\"breadcrumb\":{\"@id\":\"https:\\\/\\\/www.willersurthur.fr\\\/vie-pratique\\\/jeunes\\\/#breadcrumb\"},\"inLanguage\":\"fr-FR\",\"potentialAction\":[{\"@type\":\"ReadAction\",\"target\":[\"https:\\\/\\\/www.willersurthur.fr\\\/vie-pratique\\\/jeunes\\\/\"]}]},{\"@type\":\"ImageObject\",\"inLanguage\":\"fr-FR\",\"@id\":\"https:\\\/\\\/www.willersurthur.fr\\\/vie-pratique\\\/jeunes\\\/#primaryimage\",\"url\":\"https:\\\/\\\/www.willersurthur.fr\\\/wp-content\\\/uploads\\\/2021\\\/07\\\/jeunes-bbq.jpg\",\"contentUrl\":\"https:\\\/\\\/www.willersurthur.fr\\\/wp-content\\\/uploads\\\/2021\\\/07\\\/jeunes-bbq.jpg\",\"width\":968,\"height\":648,\"caption\":\"jeunes bbq\"},{\"@type\":\"BreadcrumbList\",\"@id\":\"https:\\\/\\\/www.willersurthur.fr\\\/vie-pratique\\\/jeunes\\\/#breadcrumb\",\"itemListElement\":[{\"@type\":\"ListItem\",\"position\":1,\"name\":\"Accueil\",\"item\":\"https:\\\/\\\/www.willersurthur.fr\\\/\"},{\"@type\":\"ListItem\",\"position\":2,\"name\":\"Village et vie pratique\",\"item\":\"https:\\\/\\\/www.willersurthur.fr\\\/vie-pratique\\\/\"},{\"@type\":\"ListItem\",\"position\":3,\"name\":\"Jeunes\"}]},{\"@type\":\"WebSite\",\"@id\":\"https:\\\/\\\/www.willersurthur.fr\\\/#website\",\"url\":\"https:\\\/\\\/www.willersurthur.fr\\\/\",\"name\":\"Willer-sur-Thur, le site officiel\",\"description\":\"Bienvenue sur le site officiel de Willer-sur-Thur, 4\u00e8me commune foresti\u00e8re du d\u00e9partement du Haut-Rhin en Alsace.\",\"potentialAction\":[{\"@type\":\"SearchAction\",\"target\":{\"@type\":\"EntryPoint\",\"urlTemplate\":\"https:\\\/\\\/www.willersurthur.fr\\\/?s={search_term_string}\"},\"query-input\":{\"@type\":\"PropertyValueSpecification\",\"valueRequired\":true,\"valueName\":\"search_term_string\"}}],\"inLanguage\":\"fr-FR\"}]}<\/script>\n<!-- \/ Yoast SEO plugin. -->","yoast_head_json":{"title":"Jeunes - Willer-sur-Thur, le site officiel","robots":{"index":"index","follow":"follow","max-snippet":"max-snippet:-1","max-image-preview":"max-image-preview:large","max-video-preview":"max-video-preview:-1"},"canonical":"https:\/\/www.willersurthur.fr\/vie-pratique\/jeunes\/","og_locale":"fr_FR","og_type":"article","og_title":"Jeunes - Willer-sur-Thur, le site officiel","og_description":"Willer-sur-Thur et sa jeunesse Barbecue des jeunes Les jeunes de 12 \u00e0 18 ans ont RDV pour leur barbecue annuel, en mai au parc de la Mairie. C'est l\u2019occasion pour la commission \"Juniors\" de glaner des id\u00e9es d'animations futures et de pr\u00e9senter le programme des animations de l\u2019\u00e9t\u00e9. Le city stade situ\u00e9 place de la [&hellip;]","og_url":"https:\/\/www.willersurthur.fr\/vie-pratique\/jeunes\/","og_site_name":"Willer-sur-Thur, le site officiel","article_publisher":"https:\/\/www.facebook.com\/groups\/360622284145\/","article_modified_time":"2021-09-06T12:30:43+00:00","og_image":[{"url":"https:\/\/www.willersurthur.fr\/wp-content\/uploads\/2021\/07\/jeunes-bbq.jpg","type":"","width":"","height":""}],"twitter_card":"summary_large_image","twitter_misc":{"Dur\u00e9e de lecture estim\u00e9e":"1 minute"},"schema":{"@context":"https:\/\/schema.org","@graph":[{"@type":"WebPage","@id":"https:\/\/www.willersurthur.fr\/vie-pratique\/jeunes\/","url":"https:\/\/www.willersurthur.fr\/vie-pratique\/jeunes\/","name":"Jeunes - Willer-sur-Thur, le site officiel","isPartOf":{"@id":"https:\/\/www.willersurthur.fr\/#website"},"primaryImageOfPage":{"@id":"https:\/\/www.willersurthur.fr\/vie-pratique\/jeunes\/#primaryimage"},"image":{"@id":"https:\/\/www.willersurthur.fr\/vie-pratique\/jeunes\/#primaryimage"},"thumbnailUrl":"https:\/\/www.willersurthur.fr\/wp-content\/uploads\/2021\/07\/jeunes-bbq.jpg","datePublished":"2021-07-29T07:13:20+00:00","dateModified":"2021-09-06T12:30:43+00:00","breadcrumb":{"@id":"https:\/\/www.willersurthur.fr\/vie-pratique\/jeunes\/#breadcrumb"},"inLanguage":"fr-FR","potentialAction":[{"@type":"ReadAction","target":["https:\/\/www.willersurthur.fr\/vie-pratique\/jeunes\/"]}]},{"@type":"ImageObject","inLanguage":"fr-FR","@id":"https:\/\/www.willersurthur.fr\/vie-pratique\/jeunes\/#primaryimage","url":"https:\/\/www.willersurthur.fr\/wp-content\/uploads\/2021\/07\/jeunes-bbq.jpg","contentUrl":"https:\/\/www.willersurthur.fr\/wp-content\/uploads\/2021\/07\/jeunes-bbq.jpg","width":968,"height":648,"caption":"jeunes bbq"},{"@type":"BreadcrumbList","@id":"https:\/\/www.willersurthur.fr\/vie-pratique\/jeunes\/#breadcrumb","itemListElement":[{"@type":"ListItem","position":1,"name":"Accueil","item":"https:\/\/www.willersurthur.fr\/"},{"@type":"ListItem","position":2,"name":"Village et vie pratique","item":"https:\/\/www.willersurthur.fr\/vie-pratique\/"},{"@type":"ListItem","position":3,"name":"Jeunes"}]},{"@type":"WebSite","@id":"https:\/\/www.willersurthur.fr\/#website","url":"https:\/\/www.willersurthur.fr\/","name":"Willer-sur-Thur, le site officiel","description":"Bienvenue sur le site officiel de Willer-sur-Thur, 4\u00e8me commune foresti\u00e8re du d\u00e9partement du Haut-Rhin en Alsace.","potentialAction":[{"@type":"SearchAction","target":{"@type":"EntryPoint","urlTemplate":"https:\/\/www.willersurthur.fr\/?s={search_term_string}"},"query-input":{"@type":"PropertyValueSpecification","valueRequired":true,"valueName":"search_term_string"}}],"inLanguage":"fr-FR"}]}},"ACF":false,"_links":{"self":[{"href":"https:\/\/www.willersurthur.fr\/api\/wp\/v2\/pages\/526","targetHints":{"allow":["GET"]}}],"collection":[{"href":"https:\/\/www.willersurthur.fr\/api\/wp\/v2\/pages"}],"about":[{"href":"https:\/\/www.willersurthur.fr\/api\/wp\/v2\/types\/page"}],"author":[{"embeddable":true,"href":"https:\/\/www.willersurthur.fr\/api\/wp\/v2\/users\/2"}],"replies":[{"embeddable":true,"href":"https:\/\/www.willersurthur.fr\/api\/wp\/v2\/comments?post=526"}],"version-history":[{"count":8,"href":"https:\/\/www.willersurthur.fr\/api\/wp\/v2\/pages\/526\/revisions"}],"predecessor-version":[{"id":543,"href":"https:\/\/www.willersurthur.fr\/api\/wp\/v2\/pages\/526\/revisions\/543"}],"up":[{"embeddable":true,"href":"https:\/\/www.willersurthur.fr\/api\/wp\/v2\/pages\/456"}],"wp:attachment":[{"href":"https:\/\/www.willersurthur.fr\/api\/wp\/v2\/media?parent=526"}],"curies":[{"name":"wp","href":"https:\/\/api.w.org\/{rel}","templated":true}]}}