{"id":456,"date":"2021-07-23T14:33:22","date_gmt":"2021-07-23T14:33:22","guid":{"rendered":"https:\/\/www.willersurthur.fr\/?page_id=456"},"modified":"2026-04-27T17:20:54","modified_gmt":"2026-04-27T15:20:54","slug":"vie-pratique","status":"publish","type":"page","link":"https:\/\/www.willersurthur.fr\/vie-pratique\/","title":{"rendered":"Village et vie pratique"},"content":{"rendered":"\n<h1 class=\"wp-block-heading\">Vie Pratique<\/h1>\n\n\n\n<p><\/p>\n\n\n<div id=\"div_block-4-2\" class=\"ct-div-block\"  data-aos=\"fade-up\"><h2 id=\"headline-5-2\" class=\"ct-headline\">D\u00e9marches<br><\/h2><div id=\"new_columns-125-466\" class=\"ct-new-columns\" ><div id=\"div_block-127-466\" class=\"ct-div-block\" ><h3 id=\"headline-163-466\" class=\"ct-headline\">Contacter la mairie<br><\/h3><div id=\"_rich_text-138-466\" class=\"oxy-rich-text \" ><p>Contactez les services de la Mairie par t&eacute;l&eacute;phone au<a href=\"tel:+33389381650\" target=\"_blank\" rel=\"noopener\"> 03.89.38.16.50<\/a> ou par mail : <a href=\"mailto:mairie@willersurthur.fr\" target=\"_blank\" rel=\"noopener\">mairie@willersurthur.fr<\/a><\/p>\n<p>&nbsp;<\/p><\/div><h3 id=\"headline-165-466\" class=\"ct-headline\">R\u00e9gie TV locale<\/h3><div id=\"_rich_text-143-466\" class=\"oxy-rich-text \" ><p>Willer-sur-Thur b&eacute;n&eacute;ficie d&rsquo;un r&eacute;seau c&acirc;bl&eacute; priv&eacute; et propose aux habitants de la commune un service de r&eacute;ception TV sp&eacute;cifique.<\/p>\n<p>Renseignements : R&eacute;gie communale de T&eacute;l&eacute;distribution <a href=\"tel:+33389389974\" target=\"_blank\" rel=\"noopener\">03 89 38 99 74<\/a> (permanences uniquement les 1ers et 3&egrave;mes mercredis de chaque mois de 19h &agrave; 20h30 par t&eacute;l&eacute;phone ou sur place au 10 Rue du Mar&eacute;chal Foch) ou par mail : <a href=\"mailto:regie.tele.wst@orange.fr\" target=\"_blank\" rel=\"noopener\">regie.tele.wst@orange.fr<\/a><\/p><\/div><\/div><div id=\"div_block-126-466\" class=\"ct-div-block\" ><a id=\"link-128-466\" class=\"ct-link icone-vie-pratique icone-over-bordure-verte\" href=\"https:\/\/www.service-public.fr\/\" target=\"_blank\"   role=\"button\"><img decoding=\"async\"  id=\"image-134-466\" alt=\"\" src=\"https:\/\/www.willersurthur.fr\/wp-content\/uploads\/2021\/07\/gouv.png\" class=\"ct-image\"\/><div id=\"text_block-130-466\" class=\"ct-text-block oxel_icon_button_text\" >CONSEILS ET REPONSES<br><\/div><div id=\"_rich_text-131-466\" class=\"oxy-rich-text vie-pratique-texte\" ><p>Cliquez-ici pour consulter le site officiel de l\u2019administration fran\u00e7aise<\/p><\/div><\/a><\/div><\/div><h2 id=\"headline-124-466\" class=\"ct-headline\">Infos utiles<br><\/h2><div id=\"new_columns-97-466\" class=\"ct-new-columns\" ><div id=\"div_block-98-466\" class=\"ct-div-block\" ><a id=\"link-20-114\" class=\"ct-link icone-vie-pratique\" href=\"http:\/\/\" target=\"_self\"   role=\"button\"><div id=\"fancy_icon-21-114\" class=\"ct-fancy-icon oxel_icon_button_icon\" ><svg id=\"svg-fancy_icon-21-114\"><use xlink:href=\"#FontAwesomeicon-trash\"><\/use><\/svg><\/div><div id=\"text_block-22-114\" class=\"ct-text-block oxel_icon_button_text\" >DECHETTERIE<\/div><div id=\"_rich_text-37-466\" class=\"oxy-rich-text vie-pratique-texte\" ><p><strong>Horaires d\u2019ouverture :<\/strong><\/p><p><br \/>Lun. 13h30 - 17h15<br \/>Mer. 9h - 12h15 et 13h30\/17h15<br \/>Ven. 9h - 12h15 et 13h30\/17h15<br \/>Sam. 9h - 12h15 et 13h30\/17h15<\/p><\/div><\/a><\/div><div id=\"div_block-99-466\" class=\"ct-div-block\" ><a id=\"link-32-466\" class=\"ct-link icone-vie-pratique\" href=\"http:\/\/\" target=\"_self\"   role=\"button\"><div id=\"fancy_icon-33-466\" class=\"ct-fancy-icon oxel_icon_button_icon\" ><svg id=\"svg-fancy_icon-33-466\"><use xlink:href=\"#FontAwesomeicon-medkit\"><\/use><\/svg><\/div><div id=\"text_block-34-466\" class=\"ct-text-block oxel_icon_button_text\" >INFIRMIERS<\/div><div id=\"_rich_text-112-466\" class=\"oxy-rich-text vie-pratique-texte\" ><p><strong>Infirmiers \u2013 soins \u00e0 domicile<\/strong><br \/>Cabinet Infirmier<br \/>21 r Grande Arm\u00e9e<br \/>03 89 37 36 33<\/p><p><strong>Infirmiers \u2013 soins \u00e0 domicile<\/strong><br \/>Th\u00e9ophane Valentin<br \/>33 Rue du G\u00e9n\u00e9ral Gallieni<br \/>06 67 93 56 48<\/p><\/div><\/a><\/div><div id=\"div_block-100-466\" class=\"ct-div-block\" ><a id=\"link-109-466\" class=\"ct-link icone-vie-pratique\" href=\"http:\/\/\" target=\"_self\"  ><div id=\"fancy_icon-110-466\" class=\"ct-fancy-icon oxel_icon_button_icon\" ><svg id=\"svg-fancy_icon-110-466\"><use xlink:href=\"#FontAwesomeicon-user-md\"><\/use><\/svg><\/div><div id=\"text_block-111-466\" class=\"ct-text-block oxel_icon_button_text\" >SOINS<\/div><div id=\"_rich_text-38-466\" class=\"oxy-rich-text vie-pratique-texte\" ><p><strong>Podologue<\/strong><br \/>Nadine GROB<br \/>6 Rue Joffre<br \/>06 81 60 84 10<\/p><p><strong>Masseur-Kin\u00e9sith\u00e9rapeute<\/strong><br \/>M. VALENTIN<br \/>33 rue du G\u00e9n\u00e9ral Gallieni<br \/>03 89 82 39 07<\/p><\/div><\/a><\/div><\/div><div id=\"new_columns-101-466\" class=\"ct-new-columns\" ><div id=\"div_block-102-466\" class=\"ct-div-block\" ><a id=\"link-26-466\" class=\"ct-link icone-vie-pratique\" href=\"https:\/\/www.smtc68.fr\/calendrier.html\" target=\"_blank\"   role=\"button\"><div id=\"fancy_icon-27-466\" class=\"ct-fancy-icon oxel_icon_button_icon\" ><svg id=\"svg-fancy_icon-27-466\"><use xlink:href=\"#FontAwesomeicon-recycle\"><\/use><\/svg><\/div><div id=\"text_block-28-466\" class=\"ct-text-block oxel_icon_button_text\" >RAMASSAGE-TRI<\/div><div id=\"_rich_text-121-466\" class=\"oxy-rich-text vie-pratique-texte\" ><p>T\u00e9l\u00e9charger calendrier du tri<\/p><\/div><\/a><a id=\"link-184-466\" class=\"ct-link icone-vie-pratique\" href=\"https:\/\/paroissesvalleedelathur.fr\/\" target=\"_blank\"   role=\"button\"><div id=\"fancy_icon-185-466\" class=\"ct-fancy-icon oxel_icon_button_icon\" ><svg id=\"svg-fancy_icon-185-466\"><use xlink:href=\"#FontAwesomeicon-group\"><\/use><\/svg><\/div><div id=\"text_block-186-466\" class=\"ct-text-block oxel_icon_button_text\" >PAROISSE<\/div><div id=\"_rich_text-187-466\" class=\"oxy-rich-text vie-pratique-texte\" ><p style=\"text-align: left;\">Acc\u00e8s au site des paroisses de la Vall\u00e9e de la Thur<\/p><\/div><\/a><\/div><div id=\"div_block-103-466\" class=\"ct-div-block\" ><a id=\"link-29-466\" class=\"ct-link icone-vie-pratique\" href=\"http:\/\/\" target=\"_self\"   role=\"button\"><div id=\"fancy_icon-30-466\" class=\"ct-fancy-icon oxel_icon_button_icon\" ><svg id=\"svg-fancy_icon-30-466\"><use xlink:href=\"#FontAwesomeicon-key\"><\/use><\/svg><\/div><div id=\"text_block-31-466\" class=\"ct-text-block oxel_icon_button_text\" >LOCATION DES SALLES<\/div><div id=\"_rich_text-39-466\" class=\"oxy-rich-text vie-pratique-texte\" ><p><strong>Salle Polyvalente :<\/strong><br \/>Permanences samedi 8h30\/10h00<br \/>T\u00e9l. : 03 89 38 96 22<br \/><strong>Salle du Cercle Saint-Didier :<\/strong><br \/>T\u00e9l. : 03 89 38 96 25<br \/><strong>Maison du Sapeur (anc. Salle de Musique) :<\/strong><br \/>T\u00e9l. : 03 89 82 39 39<br \/>Mail : andre.walter4@orange.fr<br \/><strong>Chalet - Etangs de la Griedelmatt :<\/strong><br \/>T\u00e9l. : 03 89 38 90 62 \/ 06 31 91 80 32<\/p><\/div><\/a><\/div><div id=\"div_block-104-466\" class=\"ct-div-block\" ><a id=\"link-114-466\" class=\"ct-link icone-vie-pratique\" href=\"http:\/\/\" target=\"_self\"   role=\"button\"><div id=\"fancy_icon-115-466\" class=\"ct-fancy-icon oxel_icon_button_icon\" ><svg id=\"svg-fancy_icon-115-466\"><use xlink:href=\"#FontAwesomeicon-heartbeat\"><\/use><\/svg><\/div><div id=\"text_block-116-466\" class=\"ct-text-block oxel_icon_button_text\" >D\u00c9FIBRILLATEURS<\/div><div id=\"_rich_text-117-466\" class=\"oxy-rich-text vie-pratique-texte\" ><p>Quatre d\u00e9fibrillateurs sont install\u00e9s dans le village:<\/p><ul><li>Mairie<\/li><li>Salle polyvalente<\/li><li>Cercle Saint-Didier<\/li><li>Eglise<\/li><\/ul><\/div><\/a><a id=\"link-168-466\" class=\"ct-link icone-vie-pratique\" href=\"http:\/\/\" target=\"_self\"   role=\"button\"><div id=\"fancy_icon-169-466\" class=\"ct-fancy-icon oxel_icon_button_icon\" ><svg id=\"svg-fancy_icon-169-466\"><use xlink:href=\"#FontAwesomeicon-eye\"><\/use><\/svg><\/div><div id=\"text_block-170-466\" class=\"ct-text-block oxel_icon_button_text\" >S\u00c9CURIT\u00c9<\/div><div id=\"_rich_text-171-466\" class=\"oxy-rich-text vie-pratique-texte\" ><p>Policier municipal : 06 40 19 55 98<br \/>Brigade Verte : 03 89 74 84 04<br \/>Gendarmerie : 17<\/p><\/div><\/a><\/div><\/div><\/div>\n\n\n<p><\/p>\n\n\n\n<h2 class=\"wp-block-heading\">La Mission locale Thur Doller pour les 16 \/ 25 ans<\/h2>\n\n\n\n<div style=\"height:25px\" aria-hidden=\"true\" class=\"wp-block-spacer\"><\/div>\n\n\n\n<figure class=\"wp-block-image size-full\"><img loading=\"lazy\" decoding=\"async\" width=\"2048\" height=\"713\" src=\"https:\/\/www.willersurthur.fr\/wp-content\/uploads\/2021\/07\/mission-thur-doller-2.jpg\" alt=\"mission-thur-doller\" class=\"wp-image-498\" srcset=\"https:\/\/www.willersurthur.fr\/wp-content\/uploads\/2021\/07\/mission-thur-doller-2.jpg 2048w, https:\/\/www.willersurthur.fr\/wp-content\/uploads\/2021\/07\/mission-thur-doller-2-500x174.jpg 500w, https:\/\/www.willersurthur.fr\/wp-content\/uploads\/2021\/07\/mission-thur-doller-2-768x267.jpg 768w, https:\/\/www.willersurthur.fr\/wp-content\/uploads\/2021\/07\/mission-thur-doller-2-1024x357.jpg 1024w, https:\/\/www.willersurthur.fr\/wp-content\/uploads\/2021\/07\/mission-thur-doller-2-1536x535.jpg 1536w, https:\/\/www.willersurthur.fr\/wp-content\/uploads\/2021\/07\/mission-thur-doller-2-300x104.jpg 300w\" sizes=\"auto, (max-width: 2048px) 100vw, 2048px\" \/><\/figure>\n\n\n\n<p>La mission locale est un espace d\u2019intervention au service des jeunes. Chaque jeune accueilli b\u00e9n\u00e9ficie d\u2019un suivi personnalis\u00e9 dans le cadre de ses d\u00e9marches.<br>Les structures d\u2019accueil doivent apporter des r\u00e9ponses aux questions d\u2019emploi, de formation mais aussi sur le logement ou la sant\u00e9. <\/p>\n\n\n\n<p>Chaque jeune, selon son niveau, ses besoins, ses difficult\u00e9s trouve des r\u00e9ponses individualis\u00e9es pour d\u00e9finir son objectif professionnel et les \u00e9tapes de sa r\u00e9alisation, pour \u00e9tablir son projet de formation et l\u2019accomplir, pour acc\u00e9der \u00e0 l\u2019emploi et s\u2019y maintenir.<\/p>\n\n\n\n<p>Surfer :<a rel=\"noreferrer noopener\" href=\"http:\/\/mlthurdoller.fr\/\" target=\"_blank\"> http:\/\/mlthurdoller.com\/<\/a><\/p>\n\n\n\n<h2 class=\"wp-block-heading\">La Maison des Adolescents du Haut-Rhin<\/h2>\n\n\n\n<p>Retrouvez les actualit\u00e9s ainsi que le R\u00c9SO'ADO sur le site :<\/p>\n\n\n\n<p><a href=\"https:\/\/maisondesados68.alsace.eu\/\" target=\"_blank\" rel=\"noreferrer noopener\">https:\/\/maisondesados68.alsace.eu\/<\/a><\/p>\n\n\n\n<p><\/p>\n","protected":false},"excerpt":{"rendered":"<p>Vie Pratique La Mission locale Thur Doller pour les 16 \/ 25 ans La mission locale est un espace d\u2019intervention au service des jeunes. Chaque jeune accueilli b\u00e9n\u00e9ficie d\u2019un suivi personnalis\u00e9 dans le cadre de ses d\u00e9marches.Les structures d\u2019accueil doivent apporter des r\u00e9ponses aux questions d\u2019emploi, de formation mais aussi sur le logement ou la [&hellip;]<\/p>\n","protected":false},"author":2,"featured_media":0,"parent":0,"menu_order":0,"comment_status":"closed","ping_status":"closed","template":"","meta":{"_acf_changed":false,"footnotes":""},"class_list":["post-456","page","type-page","status-publish","hentry"],"acf":[],"yoast_head":"<!-- This site is optimized with the Yoast SEO plugin v27.4 - https:\/\/yoast.com\/product\/yoast-seo-wordpress\/ -->\n<title>Willer-sur-Thur - Village, vie pratique et informations utiles<\/title>\n<meta name=\"robots\" content=\"index, follow, max-snippet:-1, max-image-preview:large, max-video-preview:-1\" \/>\n<link rel=\"canonical\" href=\"https:\/\/www.willersurthur.fr\/vie-pratique\/\" \/>\n<meta property=\"og:locale\" content=\"fr_FR\" \/>\n<meta property=\"og:type\" content=\"article\" \/>\n<meta property=\"og:title\" content=\"Willer-sur-Thur - Village, vie pratique et informations utiles\" \/>\n<meta property=\"og:description\" content=\"Vie Pratique La Mission locale Thur Doller pour les 16 \/ 25 ans La mission locale est un espace d\u2019intervention au service des jeunes. Chaque jeune accueilli b\u00e9n\u00e9ficie d\u2019un suivi personnalis\u00e9 dans le cadre de ses d\u00e9marches.Les structures d\u2019accueil doivent apporter des r\u00e9ponses aux questions d\u2019emploi, de formation mais aussi sur le logement ou la [&hellip;]\" \/>\n<meta property=\"og:url\" content=\"https:\/\/www.willersurthur.fr\/vie-pratique\/\" \/>\n<meta property=\"og:site_name\" content=\"Willer-sur-Thur, le site officiel\" \/>\n<meta property=\"article:publisher\" content=\"https:\/\/www.facebook.com\/groups\/360622284145\/\" \/>\n<meta property=\"article:modified_time\" content=\"2026-04-27T15:20:54+00:00\" \/>\n<meta property=\"og:image\" content=\"https:\/\/www.willersurthur.fr\/wp-content\/uploads\/2021\/07\/mission-thur-doller-2.jpg\" \/>\n<meta name=\"twitter:card\" content=\"summary_large_image\" \/>\n<meta name=\"twitter:label1\" content=\"Dur\u00e9e de lecture estim\u00e9e\" \/>\n\t<meta name=\"twitter:data1\" content=\"1 minute\" \/>\n<script type=\"application\/ld+json\" class=\"yoast-schema-graph\">{\"@context\":\"https:\\\/\\\/schema.org\",\"@graph\":[{\"@type\":\"WebPage\",\"@id\":\"https:\\\/\\\/www.willersurthur.fr\\\/vie-pratique\\\/\",\"url\":\"https:\\\/\\\/www.willersurthur.fr\\\/vie-pratique\\\/\",\"name\":\"Willer-sur-Thur - Village, vie pratique et informations utiles\",\"isPartOf\":{\"@id\":\"https:\\\/\\\/www.willersurthur.fr\\\/#website\"},\"primaryImageOfPage\":{\"@id\":\"https:\\\/\\\/www.willersurthur.fr\\\/vie-pratique\\\/#primaryimage\"},\"image\":{\"@id\":\"https:\\\/\\\/www.willersurthur.fr\\\/vie-pratique\\\/#primaryimage\"},\"thumbnailUrl\":\"https:\\\/\\\/www.willersurthur.fr\\\/wp-content\\\/uploads\\\/2021\\\/07\\\/mission-thur-doller-2.jpg\",\"datePublished\":\"2021-07-23T14:33:22+00:00\",\"dateModified\":\"2026-04-27T15:20:54+00:00\",\"breadcrumb\":{\"@id\":\"https:\\\/\\\/www.willersurthur.fr\\\/vie-pratique\\\/#breadcrumb\"},\"inLanguage\":\"fr-FR\",\"potentialAction\":[{\"@type\":\"ReadAction\",\"target\":[\"https:\\\/\\\/www.willersurthur.fr\\\/vie-pratique\\\/\"]}]},{\"@type\":\"ImageObject\",\"inLanguage\":\"fr-FR\",\"@id\":\"https:\\\/\\\/www.willersurthur.fr\\\/vie-pratique\\\/#primaryimage\",\"url\":\"https:\\\/\\\/www.willersurthur.fr\\\/wp-content\\\/uploads\\\/2021\\\/07\\\/mission-thur-doller-2.jpg\",\"contentUrl\":\"https:\\\/\\\/www.willersurthur.fr\\\/wp-content\\\/uploads\\\/2021\\\/07\\\/mission-thur-doller-2.jpg\",\"width\":2048,\"height\":713,\"caption\":\"mission-thur-doller\"},{\"@type\":\"BreadcrumbList\",\"@id\":\"https:\\\/\\\/www.willersurthur.fr\\\/vie-pratique\\\/#breadcrumb\",\"itemListElement\":[{\"@type\":\"ListItem\",\"position\":1,\"name\":\"Accueil\",\"item\":\"https:\\\/\\\/www.willersurthur.fr\\\/\"},{\"@type\":\"ListItem\",\"position\":2,\"name\":\"Village et vie pratique\"}]},{\"@type\":\"WebSite\",\"@id\":\"https:\\\/\\\/www.willersurthur.fr\\\/#website\",\"url\":\"https:\\\/\\\/www.willersurthur.fr\\\/\",\"name\":\"Willer-sur-Thur, le site officiel\",\"description\":\"Bienvenue sur le site officiel de Willer-sur-Thur, 4\u00e8me commune foresti\u00e8re du d\u00e9partement du Haut-Rhin en Alsace.\",\"potentialAction\":[{\"@type\":\"SearchAction\",\"target\":{\"@type\":\"EntryPoint\",\"urlTemplate\":\"https:\\\/\\\/www.willersurthur.fr\\\/?s={search_term_string}\"},\"query-input\":{\"@type\":\"PropertyValueSpecification\",\"valueRequired\":true,\"valueName\":\"search_term_string\"}}],\"inLanguage\":\"fr-FR\"}]}<\/script>\n<!-- \/ Yoast SEO plugin. -->","yoast_head_json":{"title":"Willer-sur-Thur - Village, vie pratique et informations utiles","robots":{"index":"index","follow":"follow","max-snippet":"max-snippet:-1","max-image-preview":"max-image-preview:large","max-video-preview":"max-video-preview:-1"},"canonical":"https:\/\/www.willersurthur.fr\/vie-pratique\/","og_locale":"fr_FR","og_type":"article","og_title":"Willer-sur-Thur - Village, vie pratique et informations utiles","og_description":"Vie Pratique La Mission locale Thur Doller pour les 16 \/ 25 ans La mission locale est un espace d\u2019intervention au service des jeunes. Chaque jeune accueilli b\u00e9n\u00e9ficie d\u2019un suivi personnalis\u00e9 dans le cadre de ses d\u00e9marches.Les structures d\u2019accueil doivent apporter des r\u00e9ponses aux questions d\u2019emploi, de formation mais aussi sur le logement ou la [&hellip;]","og_url":"https:\/\/www.willersurthur.fr\/vie-pratique\/","og_site_name":"Willer-sur-Thur, le site officiel","article_publisher":"https:\/\/www.facebook.com\/groups\/360622284145\/","article_modified_time":"2026-04-27T15:20:54+00:00","og_image":[{"url":"https:\/\/www.willersurthur.fr\/wp-content\/uploads\/2021\/07\/mission-thur-doller-2.jpg","type":"","width":"","height":""}],"twitter_card":"summary_large_image","twitter_misc":{"Dur\u00e9e de lecture estim\u00e9e":"1 minute"},"schema":{"@context":"https:\/\/schema.org","@graph":[{"@type":"WebPage","@id":"https:\/\/www.willersurthur.fr\/vie-pratique\/","url":"https:\/\/www.willersurthur.fr\/vie-pratique\/","name":"Willer-sur-Thur - Village, vie pratique et informations utiles","isPartOf":{"@id":"https:\/\/www.willersurthur.fr\/#website"},"primaryImageOfPage":{"@id":"https:\/\/www.willersurthur.fr\/vie-pratique\/#primaryimage"},"image":{"@id":"https:\/\/www.willersurthur.fr\/vie-pratique\/#primaryimage"},"thumbnailUrl":"https:\/\/www.willersurthur.fr\/wp-content\/uploads\/2021\/07\/mission-thur-doller-2.jpg","datePublished":"2021-07-23T14:33:22+00:00","dateModified":"2026-04-27T15:20:54+00:00","breadcrumb":{"@id":"https:\/\/www.willersurthur.fr\/vie-pratique\/#breadcrumb"},"inLanguage":"fr-FR","potentialAction":[{"@type":"ReadAction","target":["https:\/\/www.willersurthur.fr\/vie-pratique\/"]}]},{"@type":"ImageObject","inLanguage":"fr-FR","@id":"https:\/\/www.willersurthur.fr\/vie-pratique\/#primaryimage","url":"https:\/\/www.willersurthur.fr\/wp-content\/uploads\/2021\/07\/mission-thur-doller-2.jpg","contentUrl":"https:\/\/www.willersurthur.fr\/wp-content\/uploads\/2021\/07\/mission-thur-doller-2.jpg","width":2048,"height":713,"caption":"mission-thur-doller"},{"@type":"BreadcrumbList","@id":"https:\/\/www.willersurthur.fr\/vie-pratique\/#breadcrumb","itemListElement":[{"@type":"ListItem","position":1,"name":"Accueil","item":"https:\/\/www.willersurthur.fr\/"},{"@type":"ListItem","position":2,"name":"Village et vie pratique"}]},{"@type":"WebSite","@id":"https:\/\/www.willersurthur.fr\/#website","url":"https:\/\/www.willersurthur.fr\/","name":"Willer-sur-Thur, le site officiel","description":"Bienvenue sur le site officiel de Willer-sur-Thur, 4\u00e8me commune foresti\u00e8re du d\u00e9partement du Haut-Rhin en Alsace.","potentialAction":[{"@type":"SearchAction","target":{"@type":"EntryPoint","urlTemplate":"https:\/\/www.willersurthur.fr\/?s={search_term_string}"},"query-input":{"@type":"PropertyValueSpecification","valueRequired":true,"valueName":"search_term_string"}}],"inLanguage":"fr-FR"}]}},"ACF":false,"_links":{"self":[{"href":"https:\/\/www.willersurthur.fr\/api\/wp\/v2\/pages\/456","targetHints":{"allow":["GET"]}}],"collection":[{"href":"https:\/\/www.willersurthur.fr\/api\/wp\/v2\/pages"}],"about":[{"href":"https:\/\/www.willersurthur.fr\/api\/wp\/v2\/types\/page"}],"author":[{"embeddable":true,"href":"https:\/\/www.willersurthur.fr\/api\/wp\/v2\/users\/2"}],"replies":[{"embeddable":true,"href":"https:\/\/www.willersurthur.fr\/api\/wp\/v2\/comments?post=456"}],"version-history":[{"count":29,"href":"https:\/\/www.willersurthur.fr\/api\/wp\/v2\/pages\/456\/revisions"}],"predecessor-version":[{"id":2114,"href":"https:\/\/www.willersurthur.fr\/api\/wp\/v2\/pages\/456\/revisions\/2114"}],"wp:attachment":[{"href":"https:\/\/www.willersurthur.fr\/api\/wp\/v2\/media?parent=456"}],"curies":[{"name":"wp","href":"https:\/\/api.w.org\/{rel}","templated":true}]}}