{"id":142,"date":"2021-07-02T07:42:22","date_gmt":"2021-07-02T07:42:22","guid":{"rendered":"https:\/\/www.willersurthur.fr\/?page_id=142"},"modified":"2022-08-01T19:33:00","modified_gmt":"2022-08-01T17:33:00","slug":"mairie","status":"publish","type":"page","link":"https:\/\/www.willersurthur.fr\/mairie\/","title":{"rendered":"Mairie"},"content":{"rendered":"<div id=\"div_block-4-2\" class=\"ct-div-block\"  data-aos=\"fade-up\"><h1 id=\"headline-5-2\" class=\"ct-headline\">La Mairie vous accueille :<br><\/h1><div id=\"new_columns-7-2\" class=\"ct-new-columns\" ><div id=\"div_block-8-2\" class=\"ct-div-block\" ><a id=\"block-horaire-bleu\" class=\"ct-link \" href=\"http:\/\/\"   ><div id=\"fancy_icon-32-148\" class=\"ct-fancy-icon\" ><svg id=\"svg-fancy_icon-32-148\"><use xlink:href=\"#FontAwesomeicon-clock-o\"><\/use><\/svg><\/div><div id=\"text_block-horaires-bleu\" class=\"ct-text-block oxel_icon_button_text\" >OUVERTURE DE LA MAIRIE<br><\/div><div id=\"text_block-31-148\" class=\"ct-text-block oxel_icon_button_text\" ><p>Lundi, Mardi et Jeudi :<br>de 10h00 \u00e0 12h00<br>de 15h00 \u00e0 17h00<\/p>\n<p>Mercredi et Vendredi :<br>\nde 10h00 \u00e0 12h00<br>ferm\u00e9 l\u2019apr\u00e8s-midi<\/p><\/div><\/a><a id=\"link-20-114\" class=\"ct-link icone-droite-services\" href=\"https:\/\/www.willersurthur.fr\/mairie\/equipe-municipale\/\" target=\"_self\"   role=\"button\"><div id=\"fancy_icon-21-114\" class=\"ct-fancy-icon oxel_icon_button_icon\" ><svg id=\"svg-fancy_icon-21-114\"><use xlink:href=\"#FontAwesomeicon-group\"><\/use><\/svg><\/div><div id=\"text_block-22-114\" class=\"ct-text-block oxel_icon_button_text\" >VOTRE \u00c9QUIPE<br>MUNICIPALE<br><\/div><\/a><\/div><div id=\"div_block-9-2\" class=\"ct-div-block\" ><a id=\"link-27-2\" class=\"ct-link icone-droite-services\" href=\"https:\/\/www.willersurthur.fr\/mairie\/personnel-communal\/\" target=\"_self\"   role=\"button\"><div id=\"fancy_icon-28-2\" class=\"ct-fancy-icon \" ><svg id=\"svg-fancy_icon-28-2\"><use xlink:href=\"#Lineariconsicon-pencil\"><\/use><\/svg><\/div><div id=\"text_block-29-2\" class=\"ct-text-block oxel_icon_button_text\" >SERVICES ADMINISTRATIFS<br><\/div><\/a><a id=\"link-51-2\" class=\"ct-link icone-droite-services\" href=\"https:\/\/www.willersurthur.fr\/mairie\/personnel-communal\/\" target=\"_self\"   role=\"button\"><div id=\"fancy_icon-52-2\" class=\"ct-fancy-icon \" ><svg id=\"svg-fancy_icon-52-2\"><use xlink:href=\"#FontAwesomeicon-wrench\"><\/use><\/svg><\/div><div id=\"text_block-53-2\" class=\"ct-text-block oxel_icon_button_text\" >SERVICES TECHNIQUES<br><\/div><\/a><a id=\"link-48-2\" class=\"ct-link icone-droite-services\" href=\"https:\/\/www.willersurthur.fr\/mairie\/communaute-de-communes-de-thann-cernay\/\" target=\"_self\"   role=\"button\"><div id=\"fancy_icon-55-2\" class=\"ct-fancy-icon \" ><svg id=\"svg-fancy_icon-55-2\"><use xlink:href=\"#Lineariconsicon-apartment\"><\/use><\/svg><\/div><div id=\"text_block-50-2\" class=\"ct-text-block oxel_icon_button_text\" >CC THANN-CERNAY<br><\/div><\/a><a id=\"link-23-148\" class=\"ct-link icone-droite-services vievie-pratique\" href=\"https:\/\/www.willersurthur.fr\/vie-pratique\/\" target=\"_self\"   role=\"button\"><img decoding=\"async\"  id=\"image-30-148\" alt=\"france-marianne\" src=\"https:\/\/www.willersurthur.fr\/wp-content\/uploads\/2021\/07\/france-marianne.png\" class=\"ct-image\"\/><div id=\"text_block-vie-pratique\" class=\"ct-text-block oxel_icon_button_text\" >VIE PRATIQUE<br><\/div><\/a><\/div><\/div><\/div>","protected":false},"excerpt":{"rendered":"","protected":false},"author":2,"featured_media":0,"parent":0,"menu_order":0,"comment_status":"closed","ping_status":"closed","template":"","meta":{"_acf_changed":false,"footnotes":""},"class_list":["post-142","page","type-page","status-publish","hentry"],"acf":[],"yoast_head":"<!-- This site is optimized with the Yoast SEO plugin v27.4 - https:\/\/yoast.com\/product\/yoast-seo-wordpress\/ -->\n<title>Mairie de Willer-sur-Thur - Les horaires de l&#039;accueil<\/title>\n<meta name=\"robots\" content=\"index, follow, max-snippet:-1, max-image-preview:large, max-video-preview:-1\" \/>\n<link rel=\"canonical\" href=\"https:\/\/www.willersurthur.fr\/mairie\/\" \/>\n<meta property=\"og:locale\" content=\"fr_FR\" \/>\n<meta property=\"og:type\" content=\"article\" \/>\n<meta property=\"og:title\" content=\"Mairie de Willer-sur-Thur - Les horaires de l&#039;accueil\" \/>\n<meta property=\"og:url\" content=\"https:\/\/www.willersurthur.fr\/mairie\/\" \/>\n<meta property=\"og:site_name\" content=\"Willer-sur-Thur, le site officiel\" \/>\n<meta property=\"article:publisher\" content=\"https:\/\/www.facebook.com\/groups\/360622284145\/\" \/>\n<meta property=\"article:modified_time\" content=\"2022-08-01T17:33:00+00:00\" \/>\n<meta name=\"twitter:card\" content=\"summary_large_image\" \/>\n<script type=\"application\/ld+json\" class=\"yoast-schema-graph\">{\"@context\":\"https:\\\/\\\/schema.org\",\"@graph\":[{\"@type\":\"WebPage\",\"@id\":\"https:\\\/\\\/www.willersurthur.fr\\\/mairie\\\/\",\"url\":\"https:\\\/\\\/www.willersurthur.fr\\\/mairie\\\/\",\"name\":\"Mairie de Willer-sur-Thur - Les horaires de l'accueil\",\"isPartOf\":{\"@id\":\"https:\\\/\\\/www.willersurthur.fr\\\/#website\"},\"datePublished\":\"2021-07-02T07:42:22+00:00\",\"dateModified\":\"2022-08-01T17:33:00+00:00\",\"breadcrumb\":{\"@id\":\"https:\\\/\\\/www.willersurthur.fr\\\/mairie\\\/#breadcrumb\"},\"inLanguage\":\"fr-FR\",\"potentialAction\":[{\"@type\":\"ReadAction\",\"target\":[\"https:\\\/\\\/www.willersurthur.fr\\\/mairie\\\/\"]}]},{\"@type\":\"BreadcrumbList\",\"@id\":\"https:\\\/\\\/www.willersurthur.fr\\\/mairie\\\/#breadcrumb\",\"itemListElement\":[{\"@type\":\"ListItem\",\"position\":1,\"name\":\"Accueil\",\"item\":\"https:\\\/\\\/www.willersurthur.fr\\\/\"},{\"@type\":\"ListItem\",\"position\":2,\"name\":\"Mairie\"}]},{\"@type\":\"WebSite\",\"@id\":\"https:\\\/\\\/www.willersurthur.fr\\\/#website\",\"url\":\"https:\\\/\\\/www.willersurthur.fr\\\/\",\"name\":\"Willer-sur-Thur, le site officiel\",\"description\":\"Bienvenue sur le site officiel de Willer-sur-Thur, 4\u00e8me commune foresti\u00e8re du d\u00e9partement du Haut-Rhin en Alsace.\",\"potentialAction\":[{\"@type\":\"SearchAction\",\"target\":{\"@type\":\"EntryPoint\",\"urlTemplate\":\"https:\\\/\\\/www.willersurthur.fr\\\/?s={search_term_string}\"},\"query-input\":{\"@type\":\"PropertyValueSpecification\",\"valueRequired\":true,\"valueName\":\"search_term_string\"}}],\"inLanguage\":\"fr-FR\"}]}<\/script>\n<!-- \/ Yoast SEO plugin. -->","yoast_head_json":{"title":"Mairie de Willer-sur-Thur - Les horaires de l'accueil","robots":{"index":"index","follow":"follow","max-snippet":"max-snippet:-1","max-image-preview":"max-image-preview:large","max-video-preview":"max-video-preview:-1"},"canonical":"https:\/\/www.willersurthur.fr\/mairie\/","og_locale":"fr_FR","og_type":"article","og_title":"Mairie de Willer-sur-Thur - Les horaires de l'accueil","og_url":"https:\/\/www.willersurthur.fr\/mairie\/","og_site_name":"Willer-sur-Thur, le site officiel","article_publisher":"https:\/\/www.facebook.com\/groups\/360622284145\/","article_modified_time":"2022-08-01T17:33:00+00:00","twitter_card":"summary_large_image","schema":{"@context":"https:\/\/schema.org","@graph":[{"@type":"WebPage","@id":"https:\/\/www.willersurthur.fr\/mairie\/","url":"https:\/\/www.willersurthur.fr\/mairie\/","name":"Mairie de Willer-sur-Thur - Les horaires de l'accueil","isPartOf":{"@id":"https:\/\/www.willersurthur.fr\/#website"},"datePublished":"2021-07-02T07:42:22+00:00","dateModified":"2022-08-01T17:33:00+00:00","breadcrumb":{"@id":"https:\/\/www.willersurthur.fr\/mairie\/#breadcrumb"},"inLanguage":"fr-FR","potentialAction":[{"@type":"ReadAction","target":["https:\/\/www.willersurthur.fr\/mairie\/"]}]},{"@type":"BreadcrumbList","@id":"https:\/\/www.willersurthur.fr\/mairie\/#breadcrumb","itemListElement":[{"@type":"ListItem","position":1,"name":"Accueil","item":"https:\/\/www.willersurthur.fr\/"},{"@type":"ListItem","position":2,"name":"Mairie"}]},{"@type":"WebSite","@id":"https:\/\/www.willersurthur.fr\/#website","url":"https:\/\/www.willersurthur.fr\/","name":"Willer-sur-Thur, le site officiel","description":"Bienvenue sur le site officiel de Willer-sur-Thur, 4\u00e8me commune foresti\u00e8re du d\u00e9partement du Haut-Rhin en Alsace.","potentialAction":[{"@type":"SearchAction","target":{"@type":"EntryPoint","urlTemplate":"https:\/\/www.willersurthur.fr\/?s={search_term_string}"},"query-input":{"@type":"PropertyValueSpecification","valueRequired":true,"valueName":"search_term_string"}}],"inLanguage":"fr-FR"}]}},"ACF":false,"_links":{"self":[{"href":"https:\/\/www.willersurthur.fr\/api\/wp\/v2\/pages\/142","targetHints":{"allow":["GET"]}}],"collection":[{"href":"https:\/\/www.willersurthur.fr\/api\/wp\/v2\/pages"}],"about":[{"href":"https:\/\/www.willersurthur.fr\/api\/wp\/v2\/types\/page"}],"author":[{"embeddable":true,"href":"https:\/\/www.willersurthur.fr\/api\/wp\/v2\/users\/2"}],"replies":[{"embeddable":true,"href":"https:\/\/www.willersurthur.fr\/api\/wp\/v2\/comments?post=142"}],"version-history":[{"count":16,"href":"https:\/\/www.willersurthur.fr\/api\/wp\/v2\/pages\/142\/revisions"}],"predecessor-version":[{"id":1443,"href":"https:\/\/www.willersurthur.fr\/api\/wp\/v2\/pages\/142\/revisions\/1443"}],"wp:attachment":[{"href":"https:\/\/www.willersurthur.fr\/api\/wp\/v2\/media?parent=142"}],"curies":[{"name":"wp","href":"https:\/\/api.w.org\/{rel}","templated":true}]}}